{"id":4424,"date":"2018-07-09T09:53:52","date_gmt":"2018-07-09T09:53:52","guid":{"rendered":"http:\/\/www.fundaciosorigue.com\/?page_id=4424"},"modified":"2018-07-09T12:02:44","modified_gmt":"2018-07-09T12:02:44","slug":"politica-de-privacitat-general","status":"publish","type":"page","link":"https:\/\/fundaciosorigue.com\/ca\/politica-de-privacitat-general\/","title":{"rendered":"Pol\u00edtica de Privacitat General"},"content":{"rendered":"<p>Desde esta p\u00e1gina web se pueden recabar datos personales del usuario y, por tanto, se har\u00e1 conforme a la normativa vigente. Desde FUNDACI\u00d3 SORIGU\u00c9 solo recogeremos, trataremos, conservaremos, transmitiremos o procederemos a eliminar aquellos datos personales que sean necesarios, manteniendo siempre el principio de minimizaci\u00f3n de datos.<\/p>\n<p>Adem\u00e1s, nuestro principio ser\u00e1 siempre la transparencia con el p\u00fablico en general y con los usuarios web, por lo que vamos a dar la mayor informaci\u00f3n posible sobre el uso de los datos personales y la finalidad perseguida.<\/p>\n<p>&nbsp;<\/p>\n<p>Todo proceso dentro de FUNDACI\u00d3 SORIGU\u00c9 que implique tratamiento de datos personales, ser\u00e1 realizado con el m\u00e1s estricto respecto a lo dispuesto en el Reglamento UE 2016\/679.<\/p>\n<p>&nbsp;<\/p>\n<p>La presente Pol\u00edtica establece las bases con las que FUNDACI\u00d3 SORIGU\u00c9, como \u201cResponsable del Tratamiento\u201d, gestiona los datos de car\u00e1cter personal de los usuarios web, solicitantes de informaci\u00f3n y visitantes. Adem\u00e1s, esta pol\u00edtica es aplicable a los profesionales de los medios de comunicaci\u00f3n y a los usuarios que se \u201chagan amigos\u201d de nuestra fundaci\u00f3n.<\/p>\n<p>&nbsp;<\/p>\n<p>Esta pol\u00edtica detalla elementos relacionados con la p\u00e1gina web, sin perjuicio de otra informaci\u00f3n relacionada con el Reglamento General de Protecci\u00f3n de Datos, que puede estar detallada en otras pol\u00edticas y que se puede poner a su disposici\u00f3n en diferentes medios.<\/p>\n<p>Puede realizar cuantas consultas considere, relacionadas con la privacidad y el Reglamento General de Protecci\u00f3n de Datos, poni\u00e9ndose en contacto mediante correo electr\u00f3nico a <a href=\"mailto:rgpd@sorigue.com\">rgpd@sorigue.com<\/a><\/p>\n<p>&nbsp;<\/p>\n<h2 class=\"\">Informaci\u00f3n del Responsable del Tratamiento<\/h2>\n<p>Identidad: FUNDACI\u00d3 SORIGU\u00c9, (de ahora en adelante FUNDACI\u00d3 SORIGU\u00c9)<\/p>\n<p>CIF: G25047069.<\/p>\n<p>Direcci\u00f3n postal: Alcalde Pujol, 2, bis, 25006 L\u00e9rida<\/p>\n<p>Tel\u00e9fono: +34 901 020 002<\/p>\n<p>Correo-e: <a href=\"mailto:info@fundaciosorigue.com\">info@fundaciosorigue.com<\/a><\/p>\n<p>Correo-e informaci\u00f3n RGPD: <a href=\"mailto:rgpd@sorigue.com\">rgpd@sorigue.com<\/a><\/p>\n<p>&nbsp;<\/p>\n<h2 class=\"\">Informaci\u00f3n personal<\/h2>\n<p>Nuestra p\u00e1gina web tiene como finalidad informar de nuestra fundaci\u00f3n, de nuestras colecciones, de las exposiciones en vigor, y de nuestros espacios. Nuestra p\u00e1gina pretende ser una herramienta de intercambio y conexi\u00f3n con los usuarios, facilitando el acceso a las actividades culturales que promocionamos y a los espacios que gestionamos.<\/p>\n<p>&nbsp;<\/p>\n<p>La mera visita a nuestra p\u00e1gina web puede generar que se almacenen las cookies. Por favor consulte la informaci\u00f3n relacionada con nuestra Pol\u00edtica de Cookies.<\/p>\n<p>&nbsp;<\/p>\n<p>Tambi\u00e9n puede hacerse amigo de la fundaci\u00f3n y recibir noticias, informaci\u00f3n detalladas de nuestras exhibiciones y eventos. Para ello tiene que aceptar expresamente nuestra pol\u00edtica de privacidad y la finalidad descrita, consintiendo el env\u00edo de comunicaciones.<\/p>\n<p>&nbsp;<\/p>\n<p>Es posible tambi\u00e9n, adherirse a nuestro sistema de env\u00edo de informaci\u00f3n sobre la fundaci\u00f3n y sus actividades, destinado a profesionales de la comunicaci\u00f3n y prensa. Para ello deber\u00e1s leer con detenimiento los elementos incorporados en esta pol\u00edtica, relativos a prensa.<\/p>\n<p>&nbsp;<\/p>\n<p>La adhesi\u00f3n a nuestro(s) servicio(s) env\u00edo(s) de informaci\u00f3n y Newsletter, precisa que se conozca nuestra pol\u00edtica previamente. En todo caso puedes enviarnos tus dudas o consultas a trav\u00e9s del correo corporativo <a href=\"mailto:info@fundaciosorigue.com\">info@fundaciosorigue.com<\/a><\/p>\n<p>&nbsp;<\/p>\n<p>Cuando nos env\u00edes consultas o dudas a trav\u00e9s del correo electr\u00f3nico, ser\u00e1 necesario recoger datos personales de forma puntual, y trataremos sus datos personales para el env\u00edo solicitado o para resolver las dudas o cuestiones que nos plantee.<\/p>\n<p>&nbsp;<\/p>\n<p>En todo caso, est\u00e1 informaci\u00f3n se recoge con su consentimiento expreso, voluntario e informado. La informaci\u00f3n personal que nos remita ser\u00e1 tratada de manera segura y confidencial.<\/p>\n<p>&nbsp;<\/p>\n<p>Sus datos no ser\u00e1n empleados para fines distintos a los descritos y en todo caso, si fuera necesario ser\u00e1 previamente informado y se requerir\u00e1 su consentimiento, salvo que exista otra base de licitud.<\/p>\n<p>&nbsp;<\/p>\n<h2 class=\"\">Finalidad del tratamiento<\/h2>\n<p><strong>Finalidad<\/strong><\/p>\n<p>La finalidad de la recogida y tratamiento de estos datos, es para poder gestionar las solicitudes efectuadas por los usuarios de la web, y para poder enviar informaci\u00f3n actualizada sobre nuestras actividades y espacios, y env\u00edos a profesionales de la prensa.<\/p>\n<p>&nbsp;<\/p>\n<p>Cuando se requieran reservas y visitas a nuestros espacios, se recoger\u00e1n los datos personales para la gesti\u00f3n de la solicitud, dando siempre una informaci\u00f3n clara sobre la finalidad del uso de los datos. El usuario aceptar\u00e1 nuestras condiciones previamente.<\/p>\n<p>&nbsp;<\/p>\n<p>Cuando un usuario se inscriba en la secci\u00f3n \u201chazte amigo\u201d, la finalidad ser\u00e1 enviar noticias, informaci\u00f3n sobre nuestras actividades y nuestros espacios y eventos, de manera peri\u00f3dica y espont\u00e1neamente. El usuario consentir\u00e1 y aceptar\u00e1 nuestras condiciones previamente.<\/p>\n<p>&nbsp;<\/p>\n<p>Cuando un profesional de la prensa se inscriba en la secci\u00f3n prensa, la finalidad ser\u00e1 enviarle informaci\u00f3n oficial y profesional sobre las actividades de nuestra fundaci\u00f3n y facilitar a los medios de comunicaci\u00f3n todos los elementos para dar al p\u00fablico en general informaci\u00f3n de primera mano. Los profesionales aceptaran nuestras condiciones previamente.<\/p>\n<p>&nbsp;<\/p>\n<p>Cuando de las comunicaciones efectuadas se derive una relaci\u00f3n m\u00e1s all\u00e1 de la descrita, se ampliar\u00e1 la finalidad a las descritos en nuestros Registros de Actividades de Tratamiento.<\/p>\n<p>&nbsp;<\/p>\n<p><strong>Base de tratamiento<\/strong><\/p>\n<p>Los datos recabados ser\u00e1n tratados bajo su consentimiento, que podr\u00e1 revocar en cualquier momento. Dicho consentimiento ser\u00e1 informado expresamente en cada uno de los puntos de la web donde se requiera, estableciendo tambi\u00e9n sistemas sencillos, gratuitos y accesibles para la oposici\u00f3n al tratamiento de sus datos cuando considere oportuno.<\/p>\n<p>Cuando se requieran reservas y visitas a nuestros espacios, ser\u00e1 bajo la previa solicitud del servicio.<\/p>\n<p>&nbsp;<\/p>\n<p>La remisi\u00f3n de los datos personales supone que son ciertos, exactos y que debe actualizarlos cuando los mismos se modifiquen.<\/p>\n<p>&nbsp;<\/p>\n<p><strong>Registros de Actividades de Tratamiento<\/strong><\/p>\n<table>\n<tbody>\n<tr>\n<td style=\"padding-top: 15px; padding-bottom: 15px;\" colspan=\"2\">GESTI\u00d3N DE USUARIOS WEB Y CONTACTO FUNDACI\u00d3<\/td>\n<\/tr>\n<tr>\n<td style=\"padding-top: 5px; padding-bottom: 5px; padding-right: 10px;\" valign=\"top\" width=\"40%\"><strong><strong>Finalidad del tratamiento<\/strong><\/strong><\/td>\n<td style=\"padding-top: 5px; padding-bottom: 5px;\" valign=\"top\" width=\"60%\">Gesti\u00f3n de los datos de contacto de usuarios de la p\u00e1gina web. Gesti\u00f3n de consultas. Gesti\u00f3n de informaci\u00f3n derivada de cookies. Gesti\u00f3n env\u00edos &#8220;hazte amigo&#8221;.<\/td>\n<\/tr>\n<tr>\n<td style=\"padding-top: 5px; padding-bottom: 5px; padding-right: 10px;\" valign=\"top\" width=\"40%\"><strong><strong>Legitimaci\u00f3n del tratamiento<\/strong><\/strong><\/td>\n<td style=\"padding-top: 5px; padding-bottom: 5px;\" valign=\"top\" width=\"60%\">Consentimiento\/Inter\u00e9s leg\u00edtimo<\/td>\n<\/tr>\n<tr>\n<td style=\"padding-top: 5px; padding-bottom: 5px; padding-right: 10px;\" valign=\"top\" width=\"40%\"><strong><strong>Categor\u00edas de datos personales <\/strong><\/strong><\/td>\n<td style=\"padding-top: 5px; padding-bottom: 5px;\" valign=\"top\" width=\"60%\">Identificativos: Nombre y apellidos; identificador; correo electr\u00f3nico. Tel\u00e9fono. Datos profesionales (puesto y datos de contacto).<\/td>\n<\/tr>\n<tr>\n<td style=\"padding-top: 5px; padding-bottom: 5px; padding-right: 10px;\" valign=\"top\" width=\"40%\"><strong><strong>Derechos de los afectados<\/strong><\/strong><\/td>\n<td style=\"padding-top: 5px; padding-bottom: 5px;\" valign=\"top\" width=\"60%\">Acceso, rectificaci\u00f3n, supresi\u00f3n, oposici\u00f3n, limitaci\u00f3n y revocaci\u00f3n el consentimiento.<\/td>\n<\/tr>\n<tr>\n<td style=\"padding-top: 5px; padding-bottom: 5px; padding-right: 10px;\" valign=\"top\" width=\"40%\"><strong><strong>Acceso a datos personales por cuenta de terceros<\/strong><\/strong><\/td>\n<td style=\"padding-top: 5px; padding-bottom: 5px;\" valign=\"top\" width=\"60%\">Prestadores de servicios TI con acceso a datos. (dise\u00f1adores y proveedores plataforma(s) \/ web, servicios de alojamiento, mantenimiento y soporte en nuestras bases de datos y de software y aplicaciones web). Colaboradores de actividades de marketing \/ publicidad para env\u00edos de Newsletter.<\/td>\n<\/tr>\n<tr>\n<td style=\"padding-top: 15px; padding-bottom: 15px;\" colspan=\"2\">GESTI\u00d3N DE VISITANTES Y RESERVAS<\/td>\n<\/tr>\n<tr>\n<td style=\"padding-top: 5px; padding-bottom: 5px; padding-right: 10px;\" valign=\"top\" width=\"40%\"><strong><strong>Finalidad del tratamiento<\/strong><\/strong><\/td>\n<td style=\"padding-top: 5px; padding-bottom: 5px;\" valign=\"top\" width=\"60%\">Gesti\u00f3n de las reservas y visitas a instalaciones de Fundaci\u00f3 Sorigu\u00e9.<\/td>\n<\/tr>\n<tr>\n<td style=\"padding-top: 5px; padding-bottom: 5px; padding-right: 10px;\" valign=\"top\" width=\"40%\"><strong><strong>Legitimaci\u00f3n del tratamiento<\/strong><\/strong><\/td>\n<td style=\"padding-top: 5px; padding-bottom: 5px;\" valign=\"top\" width=\"60%\">Consentimiento\/Inter\u00e9s leg\u00edtimo<\/td>\n<\/tr>\n<tr>\n<td style=\"padding-top: 5px; padding-bottom: 5px; padding-right: 10px;\" valign=\"top\" width=\"40%\"><strong><strong>Categor\u00edas de datos personales <\/strong><\/strong><\/td>\n<td style=\"padding-top: 5px; padding-bottom: 5px;\" valign=\"top\" width=\"60%\">Identificativos: Nombre y apellidos; identificador; correo electr\u00f3nico. Tel\u00e9fono. Datos profesionales (puesto y datos de contacto).<\/td>\n<\/tr>\n<tr>\n<td style=\"padding-top: 5px; padding-bottom: 5px; padding-right: 10px;\" valign=\"top\" width=\"40%\"><strong><strong>Derechos de los afectados<\/strong><\/strong><\/td>\n<td style=\"padding-top: 5px; padding-bottom: 5px;\" valign=\"top\" width=\"60%\">Acceso, rectificaci\u00f3n, supresi\u00f3n, oposici\u00f3n, limitaci\u00f3n y revocaci\u00f3n el consentimiento.<\/td>\n<\/tr>\n<tr>\n<td style=\"padding-top: 5px; padding-bottom: 5px; padding-right: 10px;\" valign=\"top\" width=\"40%\"><strong><strong>Acceso a datos personales por cuenta de terceros<\/strong><\/strong><\/td>\n<td style=\"padding-top: 5px; padding-bottom: 5px;\" valign=\"top\" width=\"60%\">Prestadores de servicios TI con acceso a datos (dise\u00f1adores y proveedores plataforma(s) \/ web, servicios de alojamiento, mantenimiento y soporte en nuestras bases de datos y de software y aplicaciones web). Colaboradores encargados de la gesti\u00f3n de la relaci\u00f3n con visitas. Proveedores gesti\u00f3n seguridad de las instalaciones.<\/td>\n<\/tr>\n<tr>\n<td style=\"padding-top: 15px; padding-bottom: 15px;\" colspan=\"2\">GESTI\u00d3N COMUNICACI\u00d3N Y PRENSA<\/td>\n<\/tr>\n<tr>\n<td style=\"padding-top: 5px; padding-bottom: 5px; padding-right: 10px;\" valign=\"top\" width=\"40%\"><strong><strong>Finalidad del tratamiento<\/strong><\/strong><\/td>\n<td style=\"padding-top: 5px; padding-bottom: 5px;\" valign=\"top\" width=\"60%\">Gesti\u00f3n de actividades de informaci\u00f3n oficial y comunicaci\u00f3n p\u00fablica. Interactuaci\u00f3n con agentes, Gesti\u00f3n de publicidad y marketing, protocolo y servicios complementarios en eventos<\/td>\n<\/tr>\n<tr>\n<td style=\"padding-top: 5px; padding-bottom: 5px; padding-right: 10px;\" valign=\"top\" width=\"40%\"><strong><strong>Legitimaci\u00f3n del tratamiento<\/strong><\/strong><\/td>\n<td style=\"padding-top: 5px; padding-bottom: 5px;\" valign=\"top\" width=\"60%\">Consentimiento\/Inter\u00e9s leg\u00edtimo<\/td>\n<\/tr>\n<tr>\n<td style=\"padding-top: 5px; padding-bottom: 5px; padding-right: 10px;\" valign=\"top\" width=\"40%\"><strong><strong>Categor\u00edas de datos personales <\/strong><\/strong><\/td>\n<td style=\"padding-top: 5px; padding-bottom: 5px;\" valign=\"top\" width=\"60%\">Identificativos: Nombre y apellidos; identificador; correo electr\u00f3nico. Tel\u00e9fono. Datos profesionales (puesto y datos de contacto).<\/td>\n<\/tr>\n<tr>\n<td style=\"padding-top: 5px; padding-bottom: 5px; padding-right: 10px;\" valign=\"top\" width=\"40%\"><strong><strong>Derechos de los afectados<\/strong><\/strong><\/td>\n<td style=\"padding-top: 5px; padding-bottom: 5px;\" valign=\"top\" width=\"60%\">Acceso, rectificaci\u00f3n, supresi\u00f3n, oposici\u00f3n, limitaci\u00f3n y revocaci\u00f3n el consentimiento.<\/td>\n<\/tr>\n<tr>\n<td style=\"padding-top: 5px; padding-bottom: 5px; padding-right: 10px;\" valign=\"top\" width=\"40%\"><strong><strong>Acceso a datos personales por cuenta de terceros<\/strong><\/strong><\/td>\n<td style=\"padding-top: 5px; padding-bottom: 5px;\" valign=\"top\" width=\"60%\">Prestadores de servicios TI con acceso a datos (dise\u00f1adores y proveedores plataforma(s) \/ web, servicios de alojamiento, mantenimiento y soporte en nuestras bases de datos y de software y aplicaciones web). Colaboradores encargados de actividades secundarias de publicidad y marketing. Prestadores de servicios de seguridad. Colaboradores en actos de protocolo y eventos.<\/td>\n<\/tr>\n<tr>\n<td style=\"padding-top: 15px; padding-bottom: 15px;\" colspan=\"2\">GESTI\u00d3N COMUNICACI\u00d3N Y PRENSA<\/td>\n<\/tr>\n<tr>\n<td style=\"padding-top: 5px; padding-bottom: 5px; padding-right: 10px;\" valign=\"top\" width=\"40%\"><strong><strong>Finalidad del tratamiento<\/strong><\/strong><\/td>\n<td style=\"padding-top: 5px; padding-bottom: 5px;\" valign=\"top\" width=\"60%\">Gesti\u00f3n del ejercicio derechos contenidos en el Reglamento Europeo de Protecci\u00f3n de datos Personales (RGPD),as\u00ed como la gesti\u00f3n de brechas de seguridad (comunicaciones y notificaciones).<\/td>\n<\/tr>\n<tr>\n<td style=\"padding-top: 5px; padding-bottom: 5px; padding-right: 10px;\" valign=\"top\" width=\"40%\"><strong><strong>Legitimaci\u00f3n del tratamiento<\/strong><\/strong><\/td>\n<td style=\"padding-top: 5px; padding-bottom: 5px;\" valign=\"top\" width=\"60%\">Consentimiento\/Inter\u00e9s leg\u00edtimo<\/td>\n<\/tr>\n<tr>\n<td style=\"padding-top: 5px; padding-bottom: 5px; padding-right: 10px;\" valign=\"top\" width=\"40%\"><strong><strong>Categor\u00edas de datos personales <\/strong><\/strong><\/td>\n<td style=\"padding-top: 5px; padding-bottom: 5px;\" valign=\"top\" width=\"60%\">Identificativos: Nombre y apellidos; identificador; correo electr\u00f3nico. Tel\u00e9fono. Datos profesionales (puesto y datos de contacto).<\/td>\n<\/tr>\n<tr>\n<td style=\"padding-top: 5px; padding-bottom: 5px; padding-right: 10px;\" valign=\"top\" width=\"40%\"><strong><strong>Derechos de los afectados<\/strong><\/strong><\/td>\n<td style=\"padding-top: 5px; padding-bottom: 5px;\" valign=\"top\" width=\"60%\">Acceso, rectificaci\u00f3n, supresi\u00f3n, oposici\u00f3n, limitaci\u00f3n y revocaci\u00f3n el consentimiento.<\/td>\n<\/tr>\n<tr>\n<td style=\"padding-top: 5px; padding-bottom: 5px; padding-right: 10px;\" valign=\"top\" width=\"40%\"><strong><strong>Acceso a datos personales por cuenta de terceros<\/strong><\/strong><\/td>\n<td style=\"padding-top: 5px; padding-bottom: 5px;\" valign=\"top\" width=\"60%\">Prestadores de servicios TI con acceso a datos (dise\u00f1adores y proveedores de plataforma web, servicios de alojamiento, mantenimiento y soporte en nuestras bases de datos, as\u00ed como en nuestro software y aplicaciones web)<\/td>\n<\/tr>\n<\/tbody>\n<\/table>\n<p>&nbsp;<\/p>\n<h2 class=\"\">Categor\u00edas<\/h2>\n<p><strong>Datos recogidos<\/strong><\/p>\n<p>Los datos que pueden recogerse desde la web ser\u00e1n de identificaci\u00f3n (nombre completo), y de contacto (correo electr\u00f3nico y tel\u00e9fono).<\/p>\n<p>&nbsp;<\/p>\n<p>Tambi\u00e9n, en ocasiones, podemos tratar otros datos identificadores num\u00e9ricos \u00fanicos como la direcci\u00f3n IP de su ordenador o el identificador de su dispositivo m\u00f3vil o la informaci\u00f3n que obtenemos a trav\u00e9s de cookies.<\/p>\n<p>&nbsp;<\/p>\n<p>Cuando nos env\u00edes un correo electr\u00f3nico o hagas uso de formularios espec\u00edficos (que podemos incorporar), estaremos recogiendo los datos que nos remitas en la comunicaci\u00f3n y que podamos necesitar para darte respuesta.<\/p>\n<p>&nbsp;<\/p>\n<p>Si empleas las redes sociales para ponerte en contacto con nosotros, es posible que recojamos tu imagen en nuestro perfil.<\/p>\n<p>&nbsp;<\/p>\n<p>Cuando realices visitas a nuestras instalaciones o acudas a eventos, podremos recoger adem\u00e1s de los anteriores datos, el puesto y organizaci\u00f3n a la que puedes representar tanto a nivel profesional como institucional. En eventos p\u00fablicos, recogeremos im\u00e1genes y sonidos mediante diferentes elementos audiovisuales. Adem\u00e1s, por seguridad de las instalaciones, recogemos im\u00e1genes de las personas que accedan a nuestras instalaciones.<\/p>\n<p>&nbsp;<\/p>\n<p><strong>Destinatarios.<\/strong><\/p>\n<p>Los datos de car\u00e1cter personal facilitados podr\u00e1n ser comunicados a entidades que nos ayuden en la gesti\u00f3n de los procesos de comunicaciones comerciales y en la provisi\u00f3n y mantenimiento de servicios tecnol\u00f3gicos (por ejemplo, la p\u00e1gina web o del correo electr\u00f3nico). Adem\u00e1s, disponemos de colaboradores externos, que nos ayudan en actividades de dise\u00f1o, maquetaci\u00f3n, imprentas, desarrollo, marketing, protocolo y publicidad. Para la seguridad de las instalaciones contratamos con proveedores de seguridad privada. A los efectos legales, consideraremos proveedores, las herramientas de terceros empleadas en la gesti\u00f3n diaria de nuestras actividades (como Mailchimp\u00ae o Twitter\u00ae)<\/p>\n<p>&nbsp;<\/p>\n<p>Por pol\u00edtica de FUNDACI\u00d3 SORIGU\u00c9 \u00fanicamente contratamos a entidades que ofrezca garant\u00edas suficientes para aplicar medidas t\u00e9cnicas y organizativas apropiadas, de manera que el tratamiento de los datos que nos haya facilitado sea conforme con los requisitos de la normativa de protecci\u00f3n de datos y garantice la protecci\u00f3n de los derechos del interesado.<\/p>\n<p>&nbsp;<\/p>\n<p>No vendemos ni intercambiamos datos personales. Solo comunicamos o damos acceso a datos a los proveedores o subcontratistas que previamente han sido evaluados y con los que mantenemos acuerdos de confidencialidad.<\/p>\n<p>&nbsp;<\/p>\n<p>Adem\u00e1s, puede tener acceso a tus datos, la Autoridad de Control.<\/p>\n<p>&nbsp;<\/p>\n<p><strong>Transferencias Internacionales<\/strong><\/p>\n<p>Con car\u00e1cter general los datos personales no ser\u00e1n procesados fuera de la UE. No obstante, disponemos de proveedores que pueden alojar informaci\u00f3n fuera del espacio europeo, como son nuestras redes sociales (Facebook\u00ae, Twitter\u00ae, Instagram\u00ae, Vimeo\u00ae, Pinterest\u00ae) o herramientas que nos ayudan en la gesti\u00f3n de actividades de la fundaci\u00f3n (por ejemplo, MailChimp\u00ae o Google\u00ae). Todos los proveedores est\u00e1n adheridos a Privacy Shield o escudo de privacidad, que acredita la adecuaci\u00f3n de sus medidas de seguridad a las requeridas en el espacio europeo.<\/p>\n<p>&nbsp;<\/p>\n<p>Algunas de las cookies que disponemos, son de terceros y est\u00e1n siendo transferidas fuera del espacio europeo. No obstante, son proveedores adheridos a Privacy Shield.<\/p>\n<p>&nbsp;<\/p>\n<p>Nuestros proveedores externos, deben acreditar medidas de seguridad y diligencia en la prestaci\u00f3n de sus servicios. En algunos casos disponen de est\u00e1ndares de seguridad como la ISO\/IEC 27001, o La Norma Internacional sobre Seguridad ISAE.<\/p>\n<p>&nbsp;<\/p>\n<p>Si en el futuro existieran otros destinatarios con sede en un pa\u00eds de fuera de la UE\/CCE y que adem\u00e1s no tuvieran el mismo nivel de seguridad que se requiere en la UE, actualizaremos nuestra pol\u00edtica y te informaremos con todo detalle.<\/p>\n<p>&nbsp;<\/p>\n<p><strong>Enlaces de terceros<\/strong><\/p>\n<p>En alg\u00fan caso, desde nuestra p\u00e1gina web podemos dar acceso a webs o aplicaciones de terceros (por ejemplo, redes sociales).<\/p>\n<p>&nbsp;<\/p>\n<p>Para la gesti\u00f3n de las reservas empleamos un proveedor especializado, CLORIAN. Para poder realizar las gestiones de reservas y visitas, tendr\u00e1s que acceder a nuestra secci\u00f3n web que enlazar\u00e1 con la plataforma de reserva de CLORIAN. Nuestro proveedor asegura la confidencialidad de los datos y la seguridad de la transmisi\u00f3n e interconexi\u00f3n con su plataforma. La plataforma dispone de TPV virtual con protocolos de comercio seguro (CES), con cifrado con protocolos seguro.<\/p>\n<p>&nbsp;<\/p>\n<p>No obstante, deber\u00e1s leer detenidamente la pol\u00edtica de reserva y anulaci\u00f3n que hemos desarrollado para mantenerte informado.<\/p>\n<p>&nbsp;<\/p>\n<p>No podemos garantizar la seguridad disponible en estos entornos ajenos. Por favor lee con detenimiento las pol\u00edticas legales asociadas a estos terceros. Si un usuario detectara que estos terceros incumplen normas o afectan a la integridad de los usuarios, por favor comun\u00edcanoslo en el correo <a href=\"mailto:rgpd@sorigue.com\">rgpd@sorigue.com<\/a><\/p>\n<p>&nbsp;<\/p>\n<h2 class=\"\">Plazos de conservaci\u00f3n<\/h2>\n<p>Nuestra pol\u00edtica corporativa establece que solo conservaremos sus datos personales durante el tiempo imprescindible y necesario por cada finalidad del tratamiento. El plazo de conservaci\u00f3n generalmente vendr\u00e1 dado por una imposici\u00f3n legal, que nos sea aplicable, bien por prestarle un servicio o bien porque debemos conservar evidencias de cumplimiento. En todo caso los plazos van a variar en funci\u00f3n de cada uno de los tratamientos que desarrollamos.<\/p>\n<p>&nbsp;<\/p>\n<p>Para determinar el per\u00edodo de conservaci\u00f3n, a modo de ejemplificativo y sin car\u00e1cter exhaustivo o limitativo, se utilizan los siguientes criterios:<\/p>\n<p>\u2013 Datos asociados a cookies. 12 meses desde el consentimiento de cada usuario.<\/p>\n<p>\u2013 Ejercicio de derechos, durante el plazo se\u00f1alado por la normativa vigente para el ejercicio de responsabilidades.<\/p>\n<p>En todo caso, los datos una vez finalizada la finalidad para que la que fueron recogidos, inicialmente unos 3 a\u00f1os, ser\u00e1n cancelados.<\/p>\n<p>&nbsp;<\/p>\n<p>Cuando los datos ya no sean necesarios para el cumplimiento de las obligaciones y deberes establecidos, \u00e9stos se eliminar\u00e1n de manera regular y segura.<\/p>\n<p>&nbsp;<\/p>\n<p><strong>Derechos de usuarios<\/strong><\/p>\n<p>&nbsp;<\/p>\n<p>Te garantizamos el derecho al ejercicio de los derechos que como titular de datos personales dispones. Para ejercer derechos ante FUNDACI\u00d3 SORIGU\u00c9, solo tienes que ponerte en contacto con nosotros a trav\u00e9s del correo electr\u00f3nico <a href=\"mailto:rgpd@sorigue.com\">rgpd@sorigue.com<\/a> .<\/p>\n<p>&nbsp;<\/p>\n<p>En general, te explicamos brevemente que derechos tienes;<\/p>\n<p>&nbsp;<\/p>\n<p>Tienes derecho a obtener confirmaci\u00f3n sobre si estamos tratando tus datos personales. Tienes derecho a acceder a tus datos personales, as\u00ed como a solicitar la rectificaci\u00f3n de los que sean inexactos o, en solicitar la supresi\u00f3n cuando, entre otros motivos, los datos ya no sean necesidades por las que los recogimos<\/p>\n<p>Tienes derecho a revocar tu consentimiento, sin embargo, esta revocaci\u00f3n no afecta a la legitimidad del tratamiento anterior a la revocaci\u00f3n. Si no deseas seguir recibiendo informaci\u00f3n de nuestro Newsletter puedes indicarlo en cualquier env\u00edo (mediante las acciones detalladas para darte de baja) o enviando comunicaci\u00f3n a la direcci\u00f3n de correo electr\u00f3nico rgpd@sorigue.com.<\/p>\n<p>&nbsp;<\/p>\n<p>Tambi\u00e9n intentaremos siempre que sea t\u00e9cnicamente posible, otorgarte el derecho a recibir tus datos o a facilit\u00e1rselos a terceros en un formato estructurado, accesible y legible por m\u00e1quina conforme a las normativas del art. 20 del Reglamento General de Protecci\u00f3n de Datos de la UE.<\/p>\n<p>&nbsp;<\/p>\n<p><strong>Detalle de derechos<\/strong><\/p>\n<p>Pero queremos darte informaci\u00f3n un poco m\u00e1s detallada:<\/p>\n<p>1.\u00a0\u00a0\u00a0\u00a0 Derecho a obtener informaci\u00f3n de forma clara y transparente sobre c\u00f3mo se tratan sus datos personales, la finalidad del tratamiento, los plazos de conservaci\u00f3n, las cesiones de datos a terceros o el tratamiento internacional de los mismos y la posibilidad de presentar reclamaciones ante la Agencia Espa\u00f1ola de Protecci\u00f3n de Datos.<\/p>\n<p>2.\u00a0\u00a0\u00a0\u00a0 Derecho a acceder y conocer qu\u00e9 datos personales estamos tratando.<\/p>\n<p>3.\u00a0\u00a0\u00a0\u00a0 Derecho a solicitar:<\/p>\n<p>\u2013 La suspensi\u00f3n en el tratamiento mientras se procede a la rectificaci\u00f3n de sus datos<\/p>\n<p>\u2013 A que conservemos tus datos personales para el ejercicio de acciones o reclamaciones en defensa de sus intereses<\/p>\n<p>4.\u00a0\u00a0\u00a0\u00a0 La rectificaci\u00f3n de aquellos datos personales que sean inexactos o est\u00e9n incompletos.<\/p>\n<p>5.\u00a0\u00a0\u00a0\u00a0 Derecho de supresi\u00f3n de sus datos personales cuando desaparezca la finalidad del tratamiento, o cuando revoques el consentimiento que ser\u00e1n eliminados salvo obligaci\u00f3n legal de conservaci\u00f3n.<\/p>\n<p>6.\u00a0\u00a0\u00a0\u00a0 Derecho de oposici\u00f3n al tratamiento de sus datos personales.<\/p>\n<p>7.\u00a0\u00a0\u00a0\u00a0 Derecho de limitaci\u00f3n del tratamiento de sus datos personales para determinadas actividades.<\/p>\n<p>8.\u00a0\u00a0\u00a0\u00a0 Derecho a la portabilidad de sus datos personales, que opera en determinadas circunstancias en los que se traten los datos de forma automatizada y siempre que sea posible.<\/p>\n<p>Recuerda que tienes derecho, a revocar &#8211; retirar tu consentimiento en cualquier momento.<\/p>\n<p>&nbsp;<\/p>\n<p><strong>Como ejercer tus derechos<\/strong><\/p>\n<p>Para tramitar su solicitud del ejercicio de sus derechos, que tendr\u00e1 car\u00e1cter gratuito, puede ponerse en contacto a trav\u00e9s del correo electr\u00f3nico rgpd@sorigue.com . Para ejercer los derechos deber\u00e1s acreditar la identidad de manera fidedigna, mediante documento identificativo valido. Si estas actuando en representaci\u00f3n de un tercero, deber\u00e1s presentarnos el documento de representaci\u00f3n.<\/p>\n<p>&nbsp;<\/p>\n<p><strong>Tutela ante Autoridad de Control<\/strong><\/p>\n<p>Podr\u00e1 presentar reclamaci\u00f3n para la tutela de sus derechos en la Agencia Espa\u00f1ola de Protecci\u00f3n de Datos Personales en su sede electr\u00f3nica o en la direcci\u00f3n postal de la Calle Jorge Juan n\u00famero 6, 28001 de Madrid. Por favor si necesitas m\u00e1s informaci\u00f3n, visita la p\u00e1gina web <a href=\"http:\/\/www.agpd.es\">www.agpd.es<\/a><\/p>\n<p>&nbsp;<\/p>\n<h2 class=\"\">Medidas de seguridad<\/h2>\n<p>Es pol\u00edtica corporativa, mantener medidas t\u00e9cnicas y organizativas, necesarias para garantizar la seguridad de los datos de car\u00e1cter personal y evitar su alteraci\u00f3n, p\u00e9rdida, tratamiento o acceso no autorizado, dando cumplimiento a la normativa vigente en protecci\u00f3n de datos personales.<\/p>\n<p>&nbsp;<\/p>\n<p>Todas las medidas de seguridad desarrolladas e implantadas se basan en la gesti\u00f3n de riesgos. Todas las medidas se han considerado en base a los requerimientos establecidos en el Reglamento General de Protecci\u00f3n de datos.<\/p>\n<p>&nbsp;<\/p>\n<p>Nuestras medidas son exigidas a todos nuestros proveedores. Todo el personal con acceso a datos personales en nuestra entidad, sea propio o sea de un tercero, debe seguir las medidas de seguridad.<\/p>\n<p>&nbsp;<\/p>\n<p>Es pol\u00edtica de nuestro grupo, mantener la seguridad e integridad y confidencialidad de los datos personales. El incumplimiento de nuestras normas, ser\u00e1 investigado.<\/p>\n<p>&nbsp;<\/p>\n<p>Cualquier acci\u00f3n que intente atacar nuestras medidas de seguridad, y que se haga de manera consciente, implicar\u00e1 acciones por nuestro departamento de TI y proveedores especializados, para proteger los datos e investigar el origen.<\/p>\n<p>&nbsp;<\/p>\n<p><strong>Aviso de Violaci\u00f3n de Seguridad<\/strong><\/p>\n<p>Cuando detectemos que hemos sufrido una violaci\u00f3n de seguridad que afecta a sus datos personales, procederemos a paliar los da\u00f1os. Adem\u00e1s, realizaremos una notificaci\u00f3n a la Autoridad de Control en el plazo de 72 horas.\u00a0 A los titulares de datos personales, cuando sus datos se vean comprometidos, les enviaremos un correo electr\u00f3nico con la informaci\u00f3n necesaria y si fuera necesario, las medidas de seguridad a desarrollar para evitar efectos negativos.<\/p>\n<p>&nbsp;<\/p>\n<p><strong>Medidas de seguridad como usuario<\/strong><\/p>\n<p>Como usuario de internet queremos darte unas pautas para navegar de manera segura. Debes mantener actualizado el sistema operativo y el software de tu equipo, tanto de Smartphone como equipos inform\u00e1ticos. Mant\u00e9n las \u00faltimas versiones actualizadas de los navegadores que utilices. Inhabilita complementos innecesarios de los navegadores, empleando las opciones de controlar los complementos instalados.<\/p>\n<p>&nbsp;<\/p>\n<p>Debes disponer de un antivirus, actualizado y activado. Es recomendable que dispongas de alg\u00fan software anti-malware y anti-spyware.<\/p>\n<p>&nbsp;<\/p>\n<p>Recuerda las contrase\u00f1as, debes actualizarlas peri\u00f3dicamente e intentar mantener criterios de seguridad (al menos 8 caracteres, incluyendo n\u00fameros y s\u00edmbolos) y evitar informaci\u00f3n f\u00e1cilmente adivinable o patrones sencillos. En tus dispositivos m\u00f3viles mant\u00e9n elementos de seguridad para poder acceder.<\/p>\n<p>&nbsp;<\/p>\n<p>No conf\u00edes de correos enviados por entidades bancarias o proveedores. Nunca des informaci\u00f3n personal o c\u00f3digos de seguridad por internet.<\/p>\n<p>&nbsp;<\/p>\n<p>Minimiza el acceso a redes wifi p\u00fablicas, evitando compartir informaci\u00f3n o accediendo a servicios que impliquen acceso con usuario y contrase\u00f1a.<\/p>\n<p>&nbsp;<\/p>\n<h2 class=\"\">Cambios en la pol\u00edtica<\/h2>\n<p>Cualquier cambio en nuestra pol\u00edtica de privacidad, ser\u00e1 publicado y tendr\u00e1 efectos desde la fecha de publicaci\u00f3n. Esta pol\u00edtica es publicada en la fecha de referencia que aparece a pie de la misma.<\/p>\n<p>&nbsp;<\/p>\n<p>Si cualquier usuario considera que hay alg\u00fan elemento no aplicable que necesita ser ampliado o modificado, por favor debe comunicarlo en el correo electr\u00f3nico <a href=\"mailto:rgpd@sorigue.com\">rgpd@sorigue.com<\/a><\/p>\n<p>&nbsp;<\/p>\n<h2 class=\"\">Traducci\u00f3n<\/h2>\n<p>Esta pol\u00edtica puede encontrarse en varios idiomas. Se considera en caso de discrepancia entre los textos presentes, la pol\u00edtica original y oficial, que se encuentra en el idioma espa\u00f1ol y por tanto deber\u00e1 interpretarse siempre conforme a los t\u00e9rminos previstos en la misma.<\/p>\n<p>&nbsp;<\/p>\n<p>Cualquier error, omisi\u00f3n, ambig\u00fcedad no ser\u00e1 considerado responsabilidad de nuestra entidad.<\/p>\n<p>&nbsp;<\/p>\n<h2 class=\"\">Cooperaci\u00f3n<\/h2>\n<p>Es pol\u00edtica de FUNDACI\u00d3 SORIGU\u00c9 cooperar y colaborar en todo aquello que fuera requerido con la Autoridad de Control.<\/p>\n<p>&nbsp;<\/p>\n<p>Adem\u00e1s, intentaremos facilitar en todo momento el cumplimiento de las disposiciones legales establecidas en la normativa de privacidad vigente y de manera directa, el ejercicio de los derechos de los interesados y la gesti\u00f3n de incidencias.<\/p>\n<p>&nbsp;<\/p>\n<h2 class=\"\">Comunicaciones y contacto.<\/h2>\n<p>Para facilitar el contacto con nuestros usuarios y con cualquier tercero interesado en comunicarse con nosotros, ponemos a su disposici\u00f3n un medio gratuito \u2013correo electr\u00f3nico- que garantiza el acceso a cualquier usuario \u2013<a href=\"mailto:info@fundaciosorigue.com\">info@fundaciosorigue.com<\/a> \/ <a href=\"mailto:rgpd@sorigue.com\">rgpd@sorigue.com<\/a> &#8211;<\/p>\n<p>Para causar baja en comunicaciones, puede seguir las indicaciones dadas en los env\u00edos o enviarnos un correo electr\u00f3nico a \u2013<a href=\"mailto:info@fundaciosorigue.com\">info@fundaciosorigue.com<\/a> \/ <a href=\"mailto:rgpd@sorigue.com\">rgpd@sorigue.com<\/a><\/p>\n","protected":false},"excerpt":{"rendered":"<p>Desde esta p\u00e1gina web se pueden recabar datos personales del usuario y, por tanto, se har\u00e1 conforme a la normativa vigente. Desde FUNDACI\u00d3 SORIGU\u00c9 solo recogeremos, trataremos, conservaremos, transmitiremos o procederemos a eliminar aquellos datos personales que sean necesarios, manteniendo siempre el principio de minimizaci\u00f3n de datos. Adem\u00e1s, nuestro principio ser\u00e1 siempre la transparencia con&#8230;  <a class=\"excerpt-read-more\" href=\"https:\/\/fundaciosorigue.com\/ca\/politica-de-privacitat-general\/\" title=\"Read Pol\u00edtica de Privacitat General\">Read more &raquo;<\/a><\/p>\n","protected":false},"author":1,"featured_media":0,"parent":0,"menu_order":22,"comment_status":"closed","ping_status":"closed","template":"page-templates\/page-legal.php","meta":{"_acf_changed":false,"footnotes":""},"class_list":["post-4424","page","type-page","status-publish","hentry"],"acf":[],"yoast_head":"<!-- This site is optimized with the Yoast SEO plugin v27.4 - https:\/\/yoast.com\/product\/yoast-seo-wordpress\/ -->\n<title>Pol\u00edtica de Privacitat General - Fundaci\u00f3 Sorigu\u00e9<\/title>\n<meta name=\"robots\" content=\"index, follow, max-snippet:-1, max-image-preview:large, max-video-preview:-1\" \/>\n<link rel=\"canonical\" href=\"http:\/\/www.fundaciosorigue.com\/ca\/politica-de-privacitat-general\/\" \/>\n<meta property=\"og:locale\" content=\"ca_ES\" \/>\n<meta property=\"og:type\" content=\"article\" \/>\n<meta property=\"og:title\" content=\"Pol\u00edtica de Privacitat General - Fundaci\u00f3 Sorigu\u00e9\" \/>\n<meta property=\"og:description\" content=\"Desde esta p\u00e1gina web se pueden recabar datos personales del usuario y, por tanto, se har\u00e1 conforme a la normativa vigente. Desde FUNDACI\u00d3 SORIGU\u00c9 solo recogeremos, trataremos, conservaremos, transmitiremos o procederemos a eliminar aquellos datos personales que sean necesarios, manteniendo siempre el principio de minimizaci\u00f3n de datos. Adem\u00e1s, nuestro principio ser\u00e1 siempre la transparencia con... Read more &raquo;\" \/>\n<meta property=\"og:url\" content=\"http:\/\/www.fundaciosorigue.com\/ca\/politica-de-privacitat-general\/\" \/>\n<meta property=\"og:site_name\" content=\"Fundaci\u00f3 Sorigu\u00e9\" \/>\n<meta property=\"article:modified_time\" content=\"2018-07-09T12:02:44+00:00\" \/>\n<meta name=\"twitter:card\" content=\"summary_large_image\" \/>\n<meta name=\"twitter:label1\" content=\"Temps estimat de lectura\" \/>\n\t<meta name=\"twitter:data1\" content=\"19 minuts\" \/>\n<script type=\"application\/ld+json\" class=\"yoast-schema-graph\">{\"@context\":\"https:\\\/\\\/schema.org\",\"@graph\":[{\"@type\":\"WebPage\",\"@id\":\"http:\\\/\\\/www.fundaciosorigue.com\\\/ca\\\/politica-de-privacitat-general\\\/\",\"url\":\"http:\\\/\\\/www.fundaciosorigue.com\\\/ca\\\/politica-de-privacitat-general\\\/\",\"name\":\"Pol\u00edtica de Privacitat General - Fundaci\u00f3 Sorigu\u00e9\",\"isPartOf\":{\"@id\":\"https:\\\/\\\/www.fundaciosorigue.com\\\/#website\"},\"datePublished\":\"2018-07-09T09:53:52+00:00\",\"dateModified\":\"2018-07-09T12:02:44+00:00\",\"breadcrumb\":{\"@id\":\"http:\\\/\\\/www.fundaciosorigue.com\\\/ca\\\/politica-de-privacitat-general\\\/#breadcrumb\"},\"inLanguage\":\"ca\",\"potentialAction\":[{\"@type\":\"ReadAction\",\"target\":[\"http:\\\/\\\/www.fundaciosorigue.com\\\/ca\\\/politica-de-privacitat-general\\\/\"]}]},{\"@type\":\"BreadcrumbList\",\"@id\":\"http:\\\/\\\/www.fundaciosorigue.com\\\/ca\\\/politica-de-privacitat-general\\\/#breadcrumb\",\"itemListElement\":[{\"@type\":\"ListItem\",\"position\":1,\"name\":\"Portada\",\"item\":\"http:\\\/\\\/www.fundaciosorigue.com\\\/ca\\\/\"},{\"@type\":\"ListItem\",\"position\":2,\"name\":\"Pol\u00edtica de Privacitat General\"}]},{\"@type\":\"WebSite\",\"@id\":\"https:\\\/\\\/www.fundaciosorigue.com\\\/#website\",\"url\":\"https:\\\/\\\/www.fundaciosorigue.com\\\/\",\"name\":\"Fundaci\u00f3 Sorigu\u00e9\",\"description\":\"Fundaci\u00f3 d&#039;art contemporani de Lleida\",\"potentialAction\":[{\"@type\":\"SearchAction\",\"target\":{\"@type\":\"EntryPoint\",\"urlTemplate\":\"https:\\\/\\\/www.fundaciosorigue.com\\\/?s={search_term_string}\"},\"query-input\":{\"@type\":\"PropertyValueSpecification\",\"valueRequired\":true,\"valueName\":\"search_term_string\"}}],\"inLanguage\":\"ca\"}]}<\/script>\n<!-- \/ Yoast SEO plugin. -->","yoast_head_json":{"title":"Pol\u00edtica de Privacitat General - Fundaci\u00f3 Sorigu\u00e9","robots":{"index":"index","follow":"follow","max-snippet":"max-snippet:-1","max-image-preview":"max-image-preview:large","max-video-preview":"max-video-preview:-1"},"canonical":"http:\/\/www.fundaciosorigue.com\/ca\/politica-de-privacitat-general\/","og_locale":"ca_ES","og_type":"article","og_title":"Pol\u00edtica de Privacitat General - Fundaci\u00f3 Sorigu\u00e9","og_description":"Desde esta p\u00e1gina web se pueden recabar datos personales del usuario y, por tanto, se har\u00e1 conforme a la normativa vigente. Desde FUNDACI\u00d3 SORIGU\u00c9 solo recogeremos, trataremos, conservaremos, transmitiremos o procederemos a eliminar aquellos datos personales que sean necesarios, manteniendo siempre el principio de minimizaci\u00f3n de datos. Adem\u00e1s, nuestro principio ser\u00e1 siempre la transparencia con... Read more &raquo;","og_url":"http:\/\/www.fundaciosorigue.com\/ca\/politica-de-privacitat-general\/","og_site_name":"Fundaci\u00f3 Sorigu\u00e9","article_modified_time":"2018-07-09T12:02:44+00:00","twitter_card":"summary_large_image","twitter_misc":{"Temps estimat de lectura":"19 minuts"},"schema":{"@context":"https:\/\/schema.org","@graph":[{"@type":"WebPage","@id":"http:\/\/www.fundaciosorigue.com\/ca\/politica-de-privacitat-general\/","url":"http:\/\/www.fundaciosorigue.com\/ca\/politica-de-privacitat-general\/","name":"Pol\u00edtica de Privacitat General - Fundaci\u00f3 Sorigu\u00e9","isPartOf":{"@id":"https:\/\/www.fundaciosorigue.com\/#website"},"datePublished":"2018-07-09T09:53:52+00:00","dateModified":"2018-07-09T12:02:44+00:00","breadcrumb":{"@id":"http:\/\/www.fundaciosorigue.com\/ca\/politica-de-privacitat-general\/#breadcrumb"},"inLanguage":"ca","potentialAction":[{"@type":"ReadAction","target":["http:\/\/www.fundaciosorigue.com\/ca\/politica-de-privacitat-general\/"]}]},{"@type":"BreadcrumbList","@id":"http:\/\/www.fundaciosorigue.com\/ca\/politica-de-privacitat-general\/#breadcrumb","itemListElement":[{"@type":"ListItem","position":1,"name":"Portada","item":"http:\/\/www.fundaciosorigue.com\/ca\/"},{"@type":"ListItem","position":2,"name":"Pol\u00edtica de Privacitat General"}]},{"@type":"WebSite","@id":"https:\/\/www.fundaciosorigue.com\/#website","url":"https:\/\/www.fundaciosorigue.com\/","name":"Fundaci\u00f3 Sorigu\u00e9","description":"Fundaci\u00f3 d&#039;art contemporani de Lleida","potentialAction":[{"@type":"SearchAction","target":{"@type":"EntryPoint","urlTemplate":"https:\/\/www.fundaciosorigue.com\/?s={search_term_string}"},"query-input":{"@type":"PropertyValueSpecification","valueRequired":true,"valueName":"search_term_string"}}],"inLanguage":"ca"}]}},"_links":{"self":[{"href":"https:\/\/fundaciosorigue.com\/ca\/wp-json\/wp\/v2\/pages\/4424\/"}],"collection":[{"href":"https:\/\/fundaciosorigue.com\/ca\/wp-json\/wp\/v2\/pages\/"}],"about":[{"href":"https:\/\/fundaciosorigue.com\/ca\/wp-json\/wp\/v2\/types\/page\/"}],"author":[{"embeddable":true,"href":"https:\/\/fundaciosorigue.com\/ca\/wp-json\/wp\/v2\/users\/1\/"}],"replies":[{"embeddable":true,"href":"https:\/\/fundaciosorigue.com\/ca\/wp-json\/wp\/v2\/comments\/?post=4424"}],"version-history":[{"count":1,"href":"https:\/\/fundaciosorigue.com\/ca\/wp-json\/wp\/v2\/pages\/4424\/revisions\/"}],"predecessor-version":[{"id":4426,"href":"https:\/\/fundaciosorigue.com\/ca\/wp-json\/wp\/v2\/pages\/4424\/revisions\/4426\/"}],"wp:attachment":[{"href":"https:\/\/fundaciosorigue.com\/ca\/wp-json\/wp\/v2\/media\/?parent=4424"}],"curies":[{"name":"wp","href":"https:\/\/api.w.org\/{rel}","templated":true}]}}