{"id":6057,"date":"2023-09-27T08:01:10","date_gmt":"2023-09-27T08:01:10","guid":{"rendered":"http:\/\/www.fundaciosorigue.com\/wp-content\/uploads\/2023\/09\/Large-Visita-educativa-La-vida-en-emergencia.-Juan-Zamora-19092023-10.jpg"},"modified":"2024-11-06T15:25:57","modified_gmt":"2024-11-06T15:25:57","slug":"large-visita-educativa-la-vida-en-emergencia-juan-zamora-19092023-10-2","status":"inherit","type":"attachment","link":"https:\/\/fundaciosorigue.com\/ca\/area-educativa\/large-visita-educativa-la-vida-en-emergencia-juan-zamora-19092023-10-2\/","title":{"rendered":"Large-Visita educativa La vida en emergencia. Juan Zamora 19092023 (10)"},"author":14,"featured_media":0,"comment_status":"closed","ping_status":"closed","template":"","meta":{"_acf_changed":false},"class_list":["post-6057","attachment","type-attachment","status-inherit","hentry"],"acf":[],"yoast_head":"<!-- This site is optimized with the Yoast SEO plugin v27.4 - https:\/\/yoast.com\/product\/yoast-seo-wordpress\/ -->\n<title>Large-Visita educativa La vida en emergencia. Juan Zamora 19092023 (10) - Fundaci\u00f3 Sorigu\u00e9<\/title>\n<meta name=\"robots\" content=\"index, follow, max-snippet:-1, max-image-preview:large, max-video-preview:-1\" \/>\n<link rel=\"canonical\" href=\"https:\/\/fundaciosorigue.com\/ca\/wp-content\/uploads\/2023\/09\/Large-Visita-educativa-La-vida-en-emergencia.-Juan-Zamora-19092023-10-e1695802951433.jpg\" \/>\n<meta property=\"og:locale\" content=\"ca_ES\" \/>\n<meta property=\"og:type\" content=\"article\" \/>\n<meta property=\"og:title\" content=\"Large-Visita educativa La vida en emergencia. Juan Zamora 19092023 (10) - Fundaci\u00f3 Sorigu\u00e9\" \/>\n<meta property=\"og:url\" content=\"https:\/\/fundaciosorigue.com\/wp-content\/uploads\/2023\/09\/Large-Visita-educativa-La-vida-en-emergencia.-Juan-Zamora-19092023-10-e1695802951433.jpg\" \/>\n<meta property=\"og:site_name\" content=\"Fundaci\u00f3 Sorigu\u00e9\" \/>\n<meta property=\"article:modified_time\" content=\"2024-11-06T15:25:57+00:00\" \/>\n<meta property=\"og:image\" content=\"https:\/\/fundaciosorigue.com\/wp-content\/uploads\/2023\/09\/Large-Visita-educativa-La-vida-en-emergencia.-Juan-Zamora-19092023-10-e1695802951433.jpg\" \/>\n\t<meta property=\"og:image:width\" content=\"1368\" \/>\n\t<meta property=\"og:image:height\" content=\"965\" \/>\n\t<meta property=\"og:image:type\" content=\"image\/jpeg\" \/>\n<meta name=\"twitter:card\" content=\"summary_large_image\" \/>\n<script type=\"application\/ld+json\" class=\"yoast-schema-graph\">{\"@context\":\"https:\\\/\\\/schema.org\",\"@graph\":[{\"@type\":\"WebPage\",\"@id\":\"https:\\\/\\\/fundaciosorigue.com\\\/wp-content\\\/uploads\\\/2023\\\/09\\\/Large-Visita-educativa-La-vida-en-emergencia.-Juan-Zamora-19092023-10-e1695802951433.jpg\",\"url\":\"https:\\\/\\\/fundaciosorigue.com\\\/wp-content\\\/uploads\\\/2023\\\/09\\\/Large-Visita-educativa-La-vida-en-emergencia.-Juan-Zamora-19092023-10-e1695802951433.jpg\",\"name\":\"Large-Visita educativa La vida en emergencia. Juan Zamora 19092023 (10) - Fundaci\u00f3 Sorigu\u00e9\",\"isPartOf\":{\"@id\":\"https:\\\/\\\/www.fundaciosorigue.com\\\/#website\"},\"datePublished\":\"2023-09-27T08:01:10+00:00\",\"dateModified\":\"2024-11-06T15:25:57+00:00\",\"breadcrumb\":{\"@id\":\"https:\\\/\\\/fundaciosorigue.com\\\/wp-content\\\/uploads\\\/2023\\\/09\\\/Large-Visita-educativa-La-vida-en-emergencia.-Juan-Zamora-19092023-10-e1695802951433.jpg#breadcrumb\"},\"inLanguage\":\"ca\",\"potentialAction\":[{\"@type\":\"ReadAction\",\"target\":[\"https:\\\/\\\/fundaciosorigue.com\\\/wp-content\\\/uploads\\\/2023\\\/09\\\/Large-Visita-educativa-La-vida-en-emergencia.-Juan-Zamora-19092023-10-e1695802951433.jpg\"]}]},{\"@type\":\"BreadcrumbList\",\"@id\":\"https:\\\/\\\/fundaciosorigue.com\\\/wp-content\\\/uploads\\\/2023\\\/09\\\/Large-Visita-educativa-La-vida-en-emergencia.-Juan-Zamora-19092023-10-e1695802951433.jpg#breadcrumb\",\"itemListElement\":[{\"@type\":\"ListItem\",\"position\":1,\"name\":\"Portada\",\"item\":\"http:\\\/\\\/www.fundaciosorigue.com\\\/ca\\\/\"},{\"@type\":\"ListItem\",\"position\":2,\"name\":\"\u00c0rea Educativa\",\"item\":\"http:\\\/\\\/www.fundaciosorigue.com\\\/ca\\\/area-educativa\\\/\"},{\"@type\":\"ListItem\",\"position\":3,\"name\":\"Large-Visita educativa La vida en emergencia. Juan Zamora 19092023 (10)\"}]},{\"@type\":\"WebSite\",\"@id\":\"https:\\\/\\\/www.fundaciosorigue.com\\\/#website\",\"url\":\"https:\\\/\\\/www.fundaciosorigue.com\\\/\",\"name\":\"Fundaci\u00f3 Sorigu\u00e9\",\"description\":\"Fundaci\u00f3 d&#039;art contemporani de Lleida\",\"potentialAction\":[{\"@type\":\"SearchAction\",\"target\":{\"@type\":\"EntryPoint\",\"urlTemplate\":\"https:\\\/\\\/www.fundaciosorigue.com\\\/?s={search_term_string}\"},\"query-input\":{\"@type\":\"PropertyValueSpecification\",\"valueRequired\":true,\"valueName\":\"search_term_string\"}}],\"inLanguage\":\"ca\"}]}<\/script>\n<!-- \/ Yoast SEO plugin. -->","yoast_head_json":{"title":"Large-Visita educativa La vida en emergencia. Juan Zamora 19092023 (10) - Fundaci\u00f3 Sorigu\u00e9","robots":{"index":"index","follow":"follow","max-snippet":"max-snippet:-1","max-image-preview":"max-image-preview:large","max-video-preview":"max-video-preview:-1"},"canonical":"https:\/\/fundaciosorigue.com\/ca\/wp-content\/uploads\/2023\/09\/Large-Visita-educativa-La-vida-en-emergencia.-Juan-Zamora-19092023-10-e1695802951433.jpg","og_locale":"ca_ES","og_type":"article","og_title":"Large-Visita educativa La vida en emergencia. Juan Zamora 19092023 (10) - Fundaci\u00f3 Sorigu\u00e9","og_url":"https:\/\/fundaciosorigue.com\/wp-content\/uploads\/2023\/09\/Large-Visita-educativa-La-vida-en-emergencia.-Juan-Zamora-19092023-10-e1695802951433.jpg","og_site_name":"Fundaci\u00f3 Sorigu\u00e9","article_modified_time":"2024-11-06T15:25:57+00:00","og_image":[{"width":1368,"height":965,"url":"https:\/\/fundaciosorigue.com\/wp-content\/uploads\/2023\/09\/Large-Visita-educativa-La-vida-en-emergencia.-Juan-Zamora-19092023-10-e1695802951433.jpg","type":"image\/jpeg"}],"twitter_card":"summary_large_image","schema":{"@context":"https:\/\/schema.org","@graph":[{"@type":"WebPage","@id":"https:\/\/fundaciosorigue.com\/wp-content\/uploads\/2023\/09\/Large-Visita-educativa-La-vida-en-emergencia.-Juan-Zamora-19092023-10-e1695802951433.jpg","url":"https:\/\/fundaciosorigue.com\/wp-content\/uploads\/2023\/09\/Large-Visita-educativa-La-vida-en-emergencia.-Juan-Zamora-19092023-10-e1695802951433.jpg","name":"Large-Visita educativa La vida en emergencia. Juan Zamora 19092023 (10) - Fundaci\u00f3 Sorigu\u00e9","isPartOf":{"@id":"https:\/\/www.fundaciosorigue.com\/#website"},"datePublished":"2023-09-27T08:01:10+00:00","dateModified":"2024-11-06T15:25:57+00:00","breadcrumb":{"@id":"https:\/\/fundaciosorigue.com\/wp-content\/uploads\/2023\/09\/Large-Visita-educativa-La-vida-en-emergencia.-Juan-Zamora-19092023-10-e1695802951433.jpg#breadcrumb"},"inLanguage":"ca","potentialAction":[{"@type":"ReadAction","target":["https:\/\/fundaciosorigue.com\/wp-content\/uploads\/2023\/09\/Large-Visita-educativa-La-vida-en-emergencia.-Juan-Zamora-19092023-10-e1695802951433.jpg"]}]},{"@type":"BreadcrumbList","@id":"https:\/\/fundaciosorigue.com\/wp-content\/uploads\/2023\/09\/Large-Visita-educativa-La-vida-en-emergencia.-Juan-Zamora-19092023-10-e1695802951433.jpg#breadcrumb","itemListElement":[{"@type":"ListItem","position":1,"name":"Portada","item":"http:\/\/www.fundaciosorigue.com\/ca\/"},{"@type":"ListItem","position":2,"name":"\u00c0rea Educativa","item":"http:\/\/www.fundaciosorigue.com\/ca\/area-educativa\/"},{"@type":"ListItem","position":3,"name":"Large-Visita educativa La vida en emergencia. Juan Zamora 19092023 (10)"}]},{"@type":"WebSite","@id":"https:\/\/www.fundaciosorigue.com\/#website","url":"https:\/\/www.fundaciosorigue.com\/","name":"Fundaci\u00f3 Sorigu\u00e9","description":"Fundaci\u00f3 d&#039;art contemporani de Lleida","potentialAction":[{"@type":"SearchAction","target":{"@type":"EntryPoint","urlTemplate":"https:\/\/www.fundaciosorigue.com\/?s={search_term_string}"},"query-input":{"@type":"PropertyValueSpecification","valueRequired":true,"valueName":"search_term_string"}}],"inLanguage":"ca"}]}},"description":{"rendered":"<p class=\"attachment\"><a href='https:\/\/fundaciosorigue.com\/wp-content\/uploads\/2023\/09\/Large-Visita-educativa-La-vida-en-emergencia.-Juan-Zamora-19092023-10-e1695802951433.jpg'><img loading=\"lazy\" decoding=\"async\" width=\"300\" height=\"212\" src=\"https:\/\/fundaciosorigue.com\/wp-content\/uploads\/2023\/09\/Large-Visita-educativa-La-vida-en-emergencia.-Juan-Zamora-19092023-10-e1695802951433-300x212.jpg\" class=\"attachment-medium size-medium\" alt=\"\" srcset=\"https:\/\/fundaciosorigue.com\/wp-content\/uploads\/2023\/09\/Large-Visita-educativa-La-vida-en-emergencia.-Juan-Zamora-19092023-10-e1695802951433-300x212.jpg 300w, https:\/\/fundaciosorigue.com\/wp-content\/uploads\/2023\/09\/Large-Visita-educativa-La-vida-en-emergencia.-Juan-Zamora-19092023-10-e1695802951433-1024x722.jpg 1024w, https:\/\/fundaciosorigue.com\/wp-content\/uploads\/2023\/09\/Large-Visita-educativa-La-vida-en-emergencia.-Juan-Zamora-19092023-10-e1695802951433-768x542.jpg 768w, https:\/\/fundaciosorigue.com\/wp-content\/uploads\/2023\/09\/Large-Visita-educativa-La-vida-en-emergencia.-Juan-Zamora-19092023-10-e1695802951433-250x176.jpg 250w, https:\/\/fundaciosorigue.com\/wp-content\/uploads\/2023\/09\/Large-Visita-educativa-La-vida-en-emergencia.-Juan-Zamora-19092023-10-e1695802951433-120x85.jpg 120w, https:\/\/fundaciosorigue.com\/wp-content\/uploads\/2023\/09\/Large-Visita-educativa-La-vida-en-emergencia.-Juan-Zamora-19092023-10-e1695802951433-1063x750.jpg 1063w, https:\/\/fundaciosorigue.com\/wp-content\/uploads\/2023\/09\/Large-Visita-educativa-La-vida-en-emergencia.-Juan-Zamora-19092023-10-e1695802951433-524x370.jpg 524w, https:\/\/fundaciosorigue.com\/wp-content\/uploads\/2023\/09\/Large-Visita-educativa-La-vida-en-emergencia.-Juan-Zamora-19092023-10-e1695802951433-327x231.jpg 327w, https:\/\/fundaciosorigue.com\/wp-content\/uploads\/2023\/09\/Large-Visita-educativa-La-vida-en-emergencia.-Juan-Zamora-19092023-10-e1695802951433-1134x800.jpg 1134w, https:\/\/fundaciosorigue.com\/wp-content\/uploads\/2023\/09\/Large-Visita-educativa-La-vida-en-emergencia.-Juan-Zamora-19092023-10-e1695802951433-700x494.jpg 700w, https:\/\/fundaciosorigue.com\/wp-content\/uploads\/2023\/09\/Large-Visita-educativa-La-vida-en-emergencia.-Juan-Zamora-19092023-10-e1695802951433.jpg 1368w\" sizes=\"auto, (max-width: 300px) 100vw, 300px\" \/><\/a><\/p>\n"},"caption":{"rendered":""},"alt_text":"","media_type":"image","mime_type":"image\/jpeg","media_details":{"width":1368,"height":965,"file":"2023\/09\/Large-Visita-educativa-La-vida-en-emergencia.-Juan-Zamora-19092023-10-e1695802951433.jpg","filesize":149777,"sizes":{"medium":{"file":"Large-Visita-educativa-La-vida-en-emergencia.-Juan-Zamora-19092023-10-e1695802951433-300x212.jpg","width":300,"height":212,"filesize":52516,"mime_type":"image\/jpeg","source_url":"https:\/\/fundaciosorigue.com\/wp-content\/uploads\/2023\/09\/Large-Visita-educativa-La-vida-en-emergencia.-Juan-Zamora-19092023-10-e1695802951433-300x212.jpg"},"large":{"file":"Large-Visita-educativa-La-vida-en-emergencia.-Juan-Zamora-19092023-10-e1695802951433-1024x722.jpg","width":1024,"height":722,"filesize":352933,"mime_type":"image\/jpeg","source_url":"https:\/\/fundaciosorigue.com\/wp-content\/uploads\/2023\/09\/Large-Visita-educativa-La-vida-en-emergencia.-Juan-Zamora-19092023-10-e1695802951433-1024x722.jpg"},"thumbnail":{"file":"Large-Visita-educativa-La-vida-en-emergencia.-Juan-Zamora-19092023-10-e1695802951433-150x150.jpg","width":150,"height":150,"filesize":22198,"mime_type":"image\/jpeg","source_url":"https:\/\/fundaciosorigue.com\/wp-content\/uploads\/2023\/09\/Large-Visita-educativa-La-vida-en-emergencia.-Juan-Zamora-19092023-10-e1695802951433-150x150.jpg"},"medium_large":{"file":"Large-Visita-educativa-La-vida-en-emergencia.-Juan-Zamora-19092023-10-e1695802951433-768x542.jpg","width":768,"height":542,"filesize":224762,"mime_type":"image\/jpeg","source_url":"https:\/\/fundaciosorigue.com\/wp-content\/uploads\/2023\/09\/Large-Visita-educativa-La-vida-en-emergencia.-Juan-Zamora-19092023-10-e1695802951433-768x542.jpg"},"1536x1536":{"file":"Large-Visita-educativa-La-vida-en-emergencia.-Juan-Zamora-19092023-10-1536x1024.jpg","width":1536,"height":1024,"filesize":667614,"mime_type":"image\/jpeg","source_url":"https:\/\/fundaciosorigue.com\/wp-content\/uploads\/2023\/09\/Large-Visita-educativa-La-vida-en-emergencia.-Juan-Zamora-19092023-10-1536x1024.jpg"},"home-slides":{"file":"Large-Visita-educativa-La-vida-en-emergencia.-Juan-Zamora-19092023-10-e1695802951433-1368x214.jpg","width":1368,"height":214,"filesize":131327,"mime_type":"image\/jpeg","source_url":"https:\/\/fundaciosorigue.com\/wp-content\/uploads\/2023\/09\/Large-Visita-educativa-La-vida-en-emergencia.-Juan-Zamora-19092023-10-e1695802951433-1368x214.jpg"},"visita_thumbnail":{"file":"Large-Visita-educativa-La-vida-en-emergencia.-Juan-Zamora-19092023-10-e1695802951433-427x331.jpg","width":427,"height":331,"filesize":95617,"mime_type":"image\/jpeg","source_url":"https:\/\/fundaciosorigue.com\/wp-content\/uploads\/2023\/09\/Large-Visita-educativa-La-vida-en-emergencia.-Juan-Zamora-19092023-10-e1695802951433-427x331.jpg"},"menu_thumbnail":{"file":"Large-Visita-educativa-La-vida-en-emergencia.-Juan-Zamora-19092023-10-e1695802951433-381x200.jpg","width":381,"height":200,"filesize":60652,"mime_type":"image\/jpeg","source_url":"https:\/\/fundaciosorigue.com\/wp-content\/uploads\/2023\/09\/Large-Visita-educativa-La-vida-en-emergencia.-Juan-Zamora-19092023-10-e1695802951433-381x200.jpg"},"press_release_home":{"file":"Large-Visita-educativa-La-vida-en-emergencia.-Juan-Zamora-19092023-10-e1695802951433-954x148.jpg","width":954,"height":148,"filesize":79209,"mime_type":"image\/jpeg","source_url":"https:\/\/fundaciosorigue.com\/wp-content\/uploads\/2023\/09\/Large-Visita-educativa-La-vida-en-emergencia.-Juan-Zamora-19092023-10-e1695802951433-954x148.jpg"},"news_home":{"file":"Large-Visita-educativa-La-vida-en-emergencia.-Juan-Zamora-19092023-10-e1695802951433-438x148.jpg","width":438,"height":148,"filesize":53110,"mime_type":"image\/jpeg","source_url":"https:\/\/fundaciosorigue.com\/wp-content\/uploads\/2023\/09\/Large-Visita-educativa-La-vida-en-emergencia.-Juan-Zamora-19092023-10-e1695802951433-438x148.jpg"},"expo_big_thumbnail":{"file":"Large-Visita-educativa-La-vida-en-emergencia.-Juan-Zamora-19092023-10-e1695802951433-647x391.jpg","width":647,"height":391,"filesize":152050,"mime_type":"image\/jpeg","source_url":"https:\/\/fundaciosorigue.com\/wp-content\/uploads\/2023\/09\/Large-Visita-educativa-La-vida-en-emergencia.-Juan-Zamora-19092023-10-e1695802951433-647x391.jpg"},"expo_small_thumbnail":{"file":"Large-Visita-educativa-La-vida-en-emergencia.-Juan-Zamora-19092023-10-e1695802951433-578x142.jpg","width":578,"height":142,"filesize":58532,"mime_type":"image\/jpeg","source_url":"https:\/\/fundaciosorigue.com\/wp-content\/uploads\/2023\/09\/Large-Visita-educativa-La-vida-en-emergencia.-Juan-Zamora-19092023-10-e1695802951433-578x142.jpg"},"full_page":{"file":"Large-Visita-educativa-La-vida-en-emergencia.-Juan-Zamora-19092023-10-1600x1000.jpg","width":1600,"height":1000,"filesize":614482,"mime_type":"image\/jpeg","source_url":"https:\/\/fundaciosorigue.com\/wp-content\/uploads\/2023\/09\/Large-Visita-educativa-La-vida-en-emergencia.-Juan-Zamora-19092023-10-1600x1000.jpg"},"header_image_v1":{"file":"Large-Visita-educativa-La-vida-en-emergencia.-Juan-Zamora-19092023-10-e1695802951433-1273x708.jpg","width":1273,"height":708,"filesize":401631,"mime_type":"image\/jpeg","source_url":"https:\/\/fundaciosorigue.com\/wp-content\/uploads\/2023\/09\/Large-Visita-educativa-La-vida-en-emergencia.-Juan-Zamora-19092023-10-e1695802951433-1273x708.jpg"},"header_image_v2":{"file":"Large-Visita-educativa-La-vida-en-emergencia.-Juan-Zamora-19092023-10-e1695802951433-1321x709.jpg","width":1321,"height":709,"filesize":411275,"mime_type":"image\/jpeg","source_url":"https:\/\/fundaciosorigue.com\/wp-content\/uploads\/2023\/09\/Large-Visita-educativa-La-vida-en-emergencia.-Juan-Zamora-19092023-10-e1695802951433-1321x709.jpg"},"header_image":{"file":"Large-Visita-educativa-La-vida-en-emergencia.-Juan-Zamora-19092023-10-e1695802951433-1368x800.jpg","width":1368,"height":800,"filesize":447712,"mime_type":"image\/jpeg","source_url":"https:\/\/fundaciosorigue.com\/wp-content\/uploads\/2023\/09\/Large-Visita-educativa-La-vida-en-emergencia.-Juan-Zamora-19092023-10-e1695802951433-1368x800.jpg"},"video_thumb":{"file":"Large-Visita-educativa-La-vida-en-emergencia.-Juan-Zamora-19092023-10-e1695802951433-326x320.jpg","width":326,"height":320,"filesize":71110,"mime_type":"image\/jpeg","source_url":"https:\/\/fundaciosorigue.com\/wp-content\/uploads\/2023\/09\/Large-Visita-educativa-La-vida-en-emergencia.-Juan-Zamora-19092023-10-e1695802951433-326x320.jpg"},"collection_thumbnail":{"file":"Large-Visita-educativa-La-vida-en-emergencia.-Juan-Zamora-19092023-10-e1695802951433-250x176.jpg","width":250,"height":176,"filesize":39071,"mime_type":"image\/jpeg","source_url":"https:\/\/fundaciosorigue.com\/wp-content\/uploads\/2023\/09\/Large-Visita-educativa-La-vida-en-emergencia.-Juan-Zamora-19092023-10-e1695802951433-250x176.jpg"},"collection_small_thumbnail":{"file":"Large-Visita-educativa-La-vida-en-emergencia.-Juan-Zamora-19092023-10-e1695802951433-120x85.jpg","width":120,"height":85,"filesize":12866,"mime_type":"image\/jpeg","source_url":"https:\/\/fundaciosorigue.com\/wp-content\/uploads\/2023\/09\/Large-Visita-educativa-La-vida-en-emergencia.-Juan-Zamora-19092023-10-e1695802951433-120x85.jpg"},"submenu_planta_editions":{"file":"Large-Visita-educativa-La-vida-en-emergencia.-Juan-Zamora-19092023-10-e1695802951433-457x314.jpg","width":457,"height":314,"filesize":98856,"mime_type":"image\/jpeg","source_url":"https:\/\/fundaciosorigue.com\/wp-content\/uploads\/2023\/09\/Large-Visita-educativa-La-vida-en-emergencia.-Juan-Zamora-19092023-10-e1695802951433-457x314.jpg"},"submenu_planta_projects":{"file":"Large-Visita-educativa-La-vida-en-emergencia.-Juan-Zamora-19092023-10-e1695802951433-470x223.jpg","width":470,"height":223,"filesize":77530,"mime_type":"image\/jpeg","source_url":"https:\/\/fundaciosorigue.com\/wp-content\/uploads\/2023\/09\/Large-Visita-educativa-La-vida-en-emergencia.-Juan-Zamora-19092023-10-e1695802951433-470x223.jpg"},"submenu_site_specific":{"file":"Large-Visita-educativa-La-vida-en-emergencia.-Juan-Zamora-19092023-10-e1695802951433-990x223.jpg","width":990,"height":223,"filesize":119933,"mime_type":"image\/jpeg","source_url":"https:\/\/fundaciosorigue.com\/wp-content\/uploads\/2023\/09\/Large-Visita-educativa-La-vida-en-emergencia.-Juan-Zamora-19092023-10-e1695802951433-990x223.jpg"},"video_thumbnail_talking":{"file":"Large-Visita-educativa-La-vida-en-emergencia.-Juan-Zamora-19092023-10-e1695802951433-259x142.jpg","width":259,"height":142,"filesize":35458,"mime_type":"image\/jpeg","source_url":"https:\/\/fundaciosorigue.com\/wp-content\/uploads\/2023\/09\/Large-Visita-educativa-La-vida-en-emergencia.-Juan-Zamora-19092023-10-e1695802951433-259x142.jpg"},"profile_image":{"file":"Large-Visita-educativa-La-vida-en-emergencia.-Juan-Zamora-19092023-10-e1695802951433-570x570.jpg","width":570,"height":570,"filesize":171288,"mime_type":"image\/jpeg","source_url":"https:\/\/fundaciosorigue.com\/wp-content\/uploads\/2023\/09\/Large-Visita-educativa-La-vida-en-emergencia.-Juan-Zamora-19092023-10-e1695802951433-570x570.jpg"},"press_thumb":{"file":"Large-Visita-educativa-La-vida-en-emergencia.-Juan-Zamora-19092023-10-e1695802951433-300x167.jpg","width":300,"height":167,"filesize":44310,"mime_type":"image\/jpeg","source_url":"https:\/\/fundaciosorigue.com\/wp-content\/uploads\/2023\/09\/Large-Visita-educativa-La-vida-en-emergencia.-Juan-Zamora-19092023-10-e1695802951433-300x167.jpg"},"gallery_1":{"file":"Large-Visita-educativa-La-vida-en-emergencia.-Juan-Zamora-19092023-10-e1695802951433-1107x394.jpg","width":1107,"height":394,"filesize":225365,"mime_type":"image\/jpeg","source_url":"https:\/\/fundaciosorigue.com\/wp-content\/uploads\/2023\/09\/Large-Visita-educativa-La-vida-en-emergencia.-Juan-Zamora-19092023-10-e1695802951433-1107x394.jpg"},"gallery_1_vertical":{"file":"Large-Visita-educativa-La-vida-en-emergencia.-Juan-Zamora-19092023-10-e1695802951433-1063x750.jpg","width":1063,"height":750,"filesize":373505,"mime_type":"image\/jpeg","source_url":"https:\/\/fundaciosorigue.com\/wp-content\/uploads\/2023\/09\/Large-Visita-educativa-La-vida-en-emergencia.-Juan-Zamora-19092023-10-e1695802951433-1063x750.jpg"},"gallery_2":{"file":"Large-Visita-educativa-La-vida-en-emergencia.-Juan-Zamora-19092023-10-e1695802951433-524x394.jpg","width":524,"height":394,"filesize":129231,"mime_type":"image\/jpeg","source_url":"https:\/\/fundaciosorigue.com\/wp-content\/uploads\/2023\/09\/Large-Visita-educativa-La-vida-en-emergencia.-Juan-Zamora-19092023-10-e1695802951433-524x394.jpg"},"gallery_2_vertical":{"file":"Large-Visita-educativa-La-vida-en-emergencia.-Juan-Zamora-19092023-10-e1695802951433-524x370.jpg","width":524,"height":370,"filesize":124494,"mime_type":"image\/jpeg","source_url":"https:\/\/fundaciosorigue.com\/wp-content\/uploads\/2023\/09\/Large-Visita-educativa-La-vida-en-emergencia.-Juan-Zamora-19092023-10-e1695802951433-524x370.jpg"},"gallery_2_3":{"file":"Large-Visita-educativa-La-vida-en-emergencia.-Juan-Zamora-19092023-10-e1695802951433-721x394.jpg","width":721,"height":394,"filesize":166920,"mime_type":"image\/jpeg","source_url":"https:\/\/fundaciosorigue.com\/wp-content\/uploads\/2023\/09\/Large-Visita-educativa-La-vida-en-emergencia.-Juan-Zamora-19092023-10-e1695802951433-721x394.jpg"},"gallery_2_3_vertical":{"file":"Large-Visita-educativa-La-vida-en-emergencia.-Juan-Zamora-19092023-10-e1695802951433-524x370.jpg","width":524,"height":370,"filesize":124494,"mime_type":"image\/jpeg","source_url":"https:\/\/fundaciosorigue.com\/wp-content\/uploads\/2023\/09\/Large-Visita-educativa-La-vida-en-emergencia.-Juan-Zamora-19092023-10-e1695802951433-524x370.jpg"},"gallery_3":{"file":"Large-Visita-educativa-La-vida-en-emergencia.-Juan-Zamora-19092023-10-e1695802951433-327x326.jpg","width":327,"height":326,"filesize":72162,"mime_type":"image\/jpeg","source_url":"https:\/\/fundaciosorigue.com\/wp-content\/uploads\/2023\/09\/Large-Visita-educativa-La-vida-en-emergencia.-Juan-Zamora-19092023-10-e1695802951433-327x326.jpg"},"gallery_3_vertical":{"file":"Large-Visita-educativa-La-vida-en-emergencia.-Juan-Zamora-19092023-10-e1695802951433-327x231.jpg","width":327,"height":231,"filesize":59025,"mime_type":"image\/jpeg","source_url":"https:\/\/fundaciosorigue.com\/wp-content\/uploads\/2023\/09\/Large-Visita-educativa-La-vida-en-emergencia.-Juan-Zamora-19092023-10-e1695802951433-327x231.jpg"},"foundation_slider":{"file":"Large-Visita-educativa-La-vida-en-emergencia.-Juan-Zamora-19092023-10-e1695802951433-583x389.jpg","width":583,"height":389,"filesize":140497,"mime_type":"image\/jpeg","source_url":"https:\/\/fundaciosorigue.com\/wp-content\/uploads\/2023\/09\/Large-Visita-educativa-La-vida-en-emergencia.-Juan-Zamora-19092023-10-e1695802951433-583x389.jpg"},"collection_big":{"file":"Large-Visita-educativa-La-vida-en-emergencia.-Juan-Zamora-19092023-10-e1695802951433-1134x800.jpg","width":1134,"height":800,"filesize":411252,"mime_type":"image\/jpeg","source_url":"https:\/\/fundaciosorigue.com\/wp-content\/uploads\/2023\/09\/Large-Visita-educativa-La-vida-en-emergencia.-Juan-Zamora-19092023-10-e1695802951433-1134x800.jpg"},"contact_map":{"file":"Large-Visita-educativa-La-vida-en-emergencia.-Juan-Zamora-19092023-10-e1695802951433-1368x543.jpg","width":1368,"height":543,"filesize":327627,"mime_type":"image\/jpeg","source_url":"https:\/\/fundaciosorigue.com\/wp-content\/uploads\/2023\/09\/Large-Visita-educativa-La-vida-en-emergencia.-Juan-Zamora-19092023-10-e1695802951433-1368x543.jpg"},"video_player":{"file":"Large-Visita-educativa-La-vida-en-emergencia.-Juan-Zamora-19092023-10-e1695802951433-1114x626.jpg","width":1114,"height":626,"filesize":330977,"mime_type":"image\/jpeg","source_url":"https:\/\/fundaciosorigue.com\/wp-content\/uploads\/2023\/09\/Large-Visita-educativa-La-vida-en-emergencia.-Juan-Zamora-19092023-10-e1695802951433-1114x626.jpg"},"news_featured":{"file":"Large-Visita-educativa-La-vida-en-emergencia.-Juan-Zamora-19092023-10-e1695802951433-700x494.jpg","width":700,"height":494,"filesize":195359,"mime_type":"image\/jpeg","source_url":"https:\/\/fundaciosorigue.com\/wp-content\/uploads\/2023\/09\/Large-Visita-educativa-La-vida-en-emergencia.-Juan-Zamora-19092023-10-e1695802951433-700x494.jpg"},"post-thumbnail":{"file":"Large-Visita-educativa-La-vida-en-emergencia.-Juan-Zamora-19092023-10-e1695802951433-125x125.jpg","width":125,"height":125,"filesize":16710,"mime_type":"image\/jpeg","source_url":"https:\/\/fundaciosorigue.com\/wp-content\/uploads\/2023\/09\/Large-Visita-educativa-La-vida-en-emergencia.-Juan-Zamora-19092023-10-e1695802951433-125x125.jpg"},"full":{"file":"Large-Visita-educativa-La-vida-en-emergencia.-Juan-Zamora-19092023-10-e1695802951433.jpg","width":1368,"height":965,"mime_type":"image\/jpeg","source_url":"https:\/\/fundaciosorigue.com\/wp-content\/uploads\/2023\/09\/Large-Visita-educativa-La-vida-en-emergencia.-Juan-Zamora-19092023-10-e1695802951433.jpg"}},"image_meta":{"aperture":"0","credit":"","camera":"","caption":"","created_timestamp":"0","copyright":"","focal_length":"0","iso":"0","shutter_speed":"0","title":"","orientation":"0","keywords":[]}},"post":5277,"source_url":"https:\/\/fundaciosorigue.com\/wp-content\/uploads\/2023\/09\/Large-Visita-educativa-La-vida-en-emergencia.-Juan-Zamora-19092023-10-e1695802951433.jpg","_links":{"self":[{"href":"https:\/\/fundaciosorigue.com\/ca\/wp-json\/wp\/v2\/media\/6057\/"}],"collection":[{"href":"https:\/\/fundaciosorigue.com\/ca\/wp-json\/wp\/v2\/media\/"}],"about":[{"href":"https:\/\/fundaciosorigue.com\/ca\/wp-json\/wp\/v2\/types\/attachment\/"}],"author":[{"embeddable":true,"href":"https:\/\/fundaciosorigue.com\/ca\/wp-json\/wp\/v2\/users\/14\/"}],"replies":[{"embeddable":true,"href":"https:\/\/fundaciosorigue.com\/ca\/wp-json\/wp\/v2\/comments\/?post=6057"}],"wp:attached-to":[{"embeddable":true,"post_type":"page","id":5277,"href":"https:\/\/fundaciosorigue.com\/ca\/wp-json\/wp\/v2\/pages\/5277\/"}],"curies":[{"name":"wp","href":"https:\/\/api.w.org\/{rel}","templated":true}]}}