{"id":6051,"date":"2023-09-27T08:01:03","date_gmt":"2023-09-27T08:01:03","guid":{"rendered":"http:\/\/www.fundaciosorigue.com\/wp-content\/uploads\/2023\/09\/Large-Visita-educativa-La-vida-en-emergencia.-Juan-Zamora-19092023-1.jpg"},"modified":"2023-09-27T08:17:15","modified_gmt":"2023-09-27T08:17:15","slug":"large-visita-educativa-la-vida-en-emergencia-juan-zamora-19092023-1-2","status":"inherit","type":"attachment","link":"https:\/\/fundaciosorigue.com\/ca\/area-educativa\/large-visita-educativa-la-vida-en-emergencia-juan-zamora-19092023-1-2\/","title":{"rendered":"Large-Visita educativa La vida en emergencia. Juan Zamora 19092023 (1)"},"author":14,"featured_media":0,"comment_status":"closed","ping_status":"closed","template":"","meta":{"_acf_changed":false},"class_list":["post-6051","attachment","type-attachment","status-inherit","hentry"],"acf":[],"yoast_head":"<!-- This site is optimized with the Yoast SEO plugin v27.4 - https:\/\/yoast.com\/product\/yoast-seo-wordpress\/ -->\n<title>Large-Visita educativa La vida en emergencia. Juan Zamora 19092023 (1) - Fundaci\u00f3 Sorigu\u00e9<\/title>\n<meta name=\"robots\" content=\"index, follow, max-snippet:-1, max-image-preview:large, max-video-preview:-1\" \/>\n<link rel=\"canonical\" href=\"http:\/\/www.fundaciosorigue.com\/ca\/wp-content\/uploads\/2023\/09\/Large-Visita-educativa-La-vida-en-emergencia.-Juan-Zamora-19092023-1.jpg\" \/>\n<meta property=\"og:locale\" content=\"ca_ES\" \/>\n<meta property=\"og:type\" content=\"article\" \/>\n<meta property=\"og:title\" content=\"Large-Visita educativa La vida en emergencia. Juan Zamora 19092023 (1) - Fundaci\u00f3 Sorigu\u00e9\" \/>\n<meta property=\"og:url\" content=\"http:\/\/www.fundaciosorigue.com\/wp-content\/uploads\/2023\/09\/Large-Visita-educativa-La-vida-en-emergencia.-Juan-Zamora-19092023-1.jpg\" \/>\n<meta property=\"og:site_name\" content=\"Fundaci\u00f3 Sorigu\u00e9\" \/>\n<meta property=\"article:modified_time\" content=\"2023-09-27T08:17:15+00:00\" \/>\n<meta property=\"og:image\" content=\"http:\/\/www.fundaciosorigue.com\/wp-content\/uploads\/2023\/09\/Large-Visita-educativa-La-vida-en-emergencia.-Juan-Zamora-19092023-1.jpg\" \/>\n\t<meta property=\"og:image:width\" content=\"1600\" \/>\n\t<meta property=\"og:image:height\" content=\"1067\" \/>\n\t<meta property=\"og:image:type\" content=\"image\/jpeg\" \/>\n<meta name=\"twitter:card\" content=\"summary_large_image\" \/>\n<script type=\"application\/ld+json\" class=\"yoast-schema-graph\">{\"@context\":\"https:\\\/\\\/schema.org\",\"@graph\":[{\"@type\":\"WebPage\",\"@id\":\"http:\\\/\\\/www.fundaciosorigue.com\\\/wp-content\\\/uploads\\\/2023\\\/09\\\/Large-Visita-educativa-La-vida-en-emergencia.-Juan-Zamora-19092023-1.jpg\",\"url\":\"http:\\\/\\\/www.fundaciosorigue.com\\\/wp-content\\\/uploads\\\/2023\\\/09\\\/Large-Visita-educativa-La-vida-en-emergencia.-Juan-Zamora-19092023-1.jpg\",\"name\":\"Large-Visita educativa La vida en emergencia. Juan Zamora 19092023 (1) - Fundaci\u00f3 Sorigu\u00e9\",\"isPartOf\":{\"@id\":\"https:\\\/\\\/www.fundaciosorigue.com\\\/#website\"},\"datePublished\":\"2023-09-27T08:01:03+00:00\",\"dateModified\":\"2023-09-27T08:17:15+00:00\",\"breadcrumb\":{\"@id\":\"http:\\\/\\\/www.fundaciosorigue.com\\\/wp-content\\\/uploads\\\/2023\\\/09\\\/Large-Visita-educativa-La-vida-en-emergencia.-Juan-Zamora-19092023-1.jpg#breadcrumb\"},\"inLanguage\":\"ca\",\"potentialAction\":[{\"@type\":\"ReadAction\",\"target\":[\"http:\\\/\\\/www.fundaciosorigue.com\\\/wp-content\\\/uploads\\\/2023\\\/09\\\/Large-Visita-educativa-La-vida-en-emergencia.-Juan-Zamora-19092023-1.jpg\"]}]},{\"@type\":\"BreadcrumbList\",\"@id\":\"http:\\\/\\\/www.fundaciosorigue.com\\\/wp-content\\\/uploads\\\/2023\\\/09\\\/Large-Visita-educativa-La-vida-en-emergencia.-Juan-Zamora-19092023-1.jpg#breadcrumb\",\"itemListElement\":[{\"@type\":\"ListItem\",\"position\":1,\"name\":\"Portada\",\"item\":\"http:\\\/\\\/www.fundaciosorigue.com\\\/ca\\\/\"},{\"@type\":\"ListItem\",\"position\":2,\"name\":\"\u00c0rea Educativa\",\"item\":\"http:\\\/\\\/www.fundaciosorigue.com\\\/ca\\\/area-educativa\\\/\"},{\"@type\":\"ListItem\",\"position\":3,\"name\":\"Large-Visita educativa La vida en emergencia. Juan Zamora 19092023 (1)\"}]},{\"@type\":\"WebSite\",\"@id\":\"https:\\\/\\\/www.fundaciosorigue.com\\\/#website\",\"url\":\"https:\\\/\\\/www.fundaciosorigue.com\\\/\",\"name\":\"Fundaci\u00f3 Sorigu\u00e9\",\"description\":\"Fundaci\u00f3 d&#039;art contemporani de Lleida\",\"potentialAction\":[{\"@type\":\"SearchAction\",\"target\":{\"@type\":\"EntryPoint\",\"urlTemplate\":\"https:\\\/\\\/www.fundaciosorigue.com\\\/?s={search_term_string}\"},\"query-input\":{\"@type\":\"PropertyValueSpecification\",\"valueRequired\":true,\"valueName\":\"search_term_string\"}}],\"inLanguage\":\"ca\"}]}<\/script>\n<!-- \/ Yoast SEO plugin. -->","yoast_head_json":{"title":"Large-Visita educativa La vida en emergencia. Juan Zamora 19092023 (1) - Fundaci\u00f3 Sorigu\u00e9","robots":{"index":"index","follow":"follow","max-snippet":"max-snippet:-1","max-image-preview":"max-image-preview:large","max-video-preview":"max-video-preview:-1"},"canonical":"http:\/\/www.fundaciosorigue.com\/ca\/wp-content\/uploads\/2023\/09\/Large-Visita-educativa-La-vida-en-emergencia.-Juan-Zamora-19092023-1.jpg","og_locale":"ca_ES","og_type":"article","og_title":"Large-Visita educativa La vida en emergencia. Juan Zamora 19092023 (1) - Fundaci\u00f3 Sorigu\u00e9","og_url":"http:\/\/www.fundaciosorigue.com\/wp-content\/uploads\/2023\/09\/Large-Visita-educativa-La-vida-en-emergencia.-Juan-Zamora-19092023-1.jpg","og_site_name":"Fundaci\u00f3 Sorigu\u00e9","article_modified_time":"2023-09-27T08:17:15+00:00","og_image":[{"width":1600,"height":1067,"url":"http:\/\/www.fundaciosorigue.com\/wp-content\/uploads\/2023\/09\/Large-Visita-educativa-La-vida-en-emergencia.-Juan-Zamora-19092023-1.jpg","type":"image\/jpeg"}],"twitter_card":"summary_large_image","schema":{"@context":"https:\/\/schema.org","@graph":[{"@type":"WebPage","@id":"http:\/\/www.fundaciosorigue.com\/wp-content\/uploads\/2023\/09\/Large-Visita-educativa-La-vida-en-emergencia.-Juan-Zamora-19092023-1.jpg","url":"http:\/\/www.fundaciosorigue.com\/wp-content\/uploads\/2023\/09\/Large-Visita-educativa-La-vida-en-emergencia.-Juan-Zamora-19092023-1.jpg","name":"Large-Visita educativa La vida en emergencia. Juan Zamora 19092023 (1) - Fundaci\u00f3 Sorigu\u00e9","isPartOf":{"@id":"https:\/\/www.fundaciosorigue.com\/#website"},"datePublished":"2023-09-27T08:01:03+00:00","dateModified":"2023-09-27T08:17:15+00:00","breadcrumb":{"@id":"http:\/\/www.fundaciosorigue.com\/wp-content\/uploads\/2023\/09\/Large-Visita-educativa-La-vida-en-emergencia.-Juan-Zamora-19092023-1.jpg#breadcrumb"},"inLanguage":"ca","potentialAction":[{"@type":"ReadAction","target":["http:\/\/www.fundaciosorigue.com\/wp-content\/uploads\/2023\/09\/Large-Visita-educativa-La-vida-en-emergencia.-Juan-Zamora-19092023-1.jpg"]}]},{"@type":"BreadcrumbList","@id":"http:\/\/www.fundaciosorigue.com\/wp-content\/uploads\/2023\/09\/Large-Visita-educativa-La-vida-en-emergencia.-Juan-Zamora-19092023-1.jpg#breadcrumb","itemListElement":[{"@type":"ListItem","position":1,"name":"Portada","item":"http:\/\/www.fundaciosorigue.com\/ca\/"},{"@type":"ListItem","position":2,"name":"\u00c0rea Educativa","item":"http:\/\/www.fundaciosorigue.com\/ca\/area-educativa\/"},{"@type":"ListItem","position":3,"name":"Large-Visita educativa La vida en emergencia. Juan Zamora 19092023 (1)"}]},{"@type":"WebSite","@id":"https:\/\/www.fundaciosorigue.com\/#website","url":"https:\/\/www.fundaciosorigue.com\/","name":"Fundaci\u00f3 Sorigu\u00e9","description":"Fundaci\u00f3 d&#039;art contemporani de Lleida","potentialAction":[{"@type":"SearchAction","target":{"@type":"EntryPoint","urlTemplate":"https:\/\/www.fundaciosorigue.com\/?s={search_term_string}"},"query-input":{"@type":"PropertyValueSpecification","valueRequired":true,"valueName":"search_term_string"}}],"inLanguage":"ca"}]}},"description":{"rendered":"<p class=\"attachment\"><a href='https:\/\/fundaciosorigue.com\/wp-content\/uploads\/2023\/09\/Large-Visita-educativa-La-vida-en-emergencia.-Juan-Zamora-19092023-1.jpg'><img loading=\"lazy\" decoding=\"async\" width=\"300\" height=\"200\" src=\"https:\/\/fundaciosorigue.com\/wp-content\/uploads\/2023\/09\/Large-Visita-educativa-La-vida-en-emergencia.-Juan-Zamora-19092023-1-300x200.jpg\" class=\"attachment-medium size-medium\" alt=\"\" srcset=\"https:\/\/fundaciosorigue.com\/wp-content\/uploads\/2023\/09\/Large-Visita-educativa-La-vida-en-emergencia.-Juan-Zamora-19092023-1-300x200.jpg 300w, https:\/\/fundaciosorigue.com\/wp-content\/uploads\/2023\/09\/Large-Visita-educativa-La-vida-en-emergencia.-Juan-Zamora-19092023-1-1024x683.jpg 1024w, https:\/\/fundaciosorigue.com\/wp-content\/uploads\/2023\/09\/Large-Visita-educativa-La-vida-en-emergencia.-Juan-Zamora-19092023-1-768x512.jpg 768w, https:\/\/fundaciosorigue.com\/wp-content\/uploads\/2023\/09\/Large-Visita-educativa-La-vida-en-emergencia.-Juan-Zamora-19092023-1-1536x1024.jpg 1536w, https:\/\/fundaciosorigue.com\/wp-content\/uploads\/2023\/09\/Large-Visita-educativa-La-vida-en-emergencia.-Juan-Zamora-19092023-1-250x167.jpg 250w, https:\/\/fundaciosorigue.com\/wp-content\/uploads\/2023\/09\/Large-Visita-educativa-La-vida-en-emergencia.-Juan-Zamora-19092023-1-120x80.jpg 120w, https:\/\/fundaciosorigue.com\/wp-content\/uploads\/2023\/09\/Large-Visita-educativa-La-vida-en-emergencia.-Juan-Zamora-19092023-1-1107x738.jpg 1107w, https:\/\/fundaciosorigue.com\/wp-content\/uploads\/2023\/09\/Large-Visita-educativa-La-vida-en-emergencia.-Juan-Zamora-19092023-1-524x349.jpg 524w, https:\/\/fundaciosorigue.com\/wp-content\/uploads\/2023\/09\/Large-Visita-educativa-La-vida-en-emergencia.-Juan-Zamora-19092023-1-327x218.jpg 327w, https:\/\/fundaciosorigue.com\/wp-content\/uploads\/2023\/09\/Large-Visita-educativa-La-vida-en-emergencia.-Juan-Zamora-19092023-1-583x389.jpg 583w, https:\/\/fundaciosorigue.com\/wp-content\/uploads\/2023\/09\/Large-Visita-educativa-La-vida-en-emergencia.-Juan-Zamora-19092023-1-1200x800.jpg 1200w, https:\/\/fundaciosorigue.com\/wp-content\/uploads\/2023\/09\/Large-Visita-educativa-La-vida-en-emergencia.-Juan-Zamora-19092023-1-700x467.jpg 700w, https:\/\/fundaciosorigue.com\/wp-content\/uploads\/2023\/09\/Large-Visita-educativa-La-vida-en-emergencia.-Juan-Zamora-19092023-1.jpg 1600w\" sizes=\"auto, (max-width: 300px) 100vw, 300px\" \/><\/a><\/p>\n"},"caption":{"rendered":""},"alt_text":"","media_type":"image","mime_type":"image\/jpeg","media_details":{"width":1600,"height":1067,"file":"2023\/09\/Large-Visita-educativa-La-vida-en-emergencia.-Juan-Zamora-19092023-1.jpg","filesize":117495,"sizes":{"medium":{"file":"Large-Visita-educativa-La-vida-en-emergencia.-Juan-Zamora-19092023-1-300x200.jpg","width":300,"height":200,"filesize":38389,"mime_type":"image\/jpeg","source_url":"https:\/\/fundaciosorigue.com\/wp-content\/uploads\/2023\/09\/Large-Visita-educativa-La-vida-en-emergencia.-Juan-Zamora-19092023-1-300x200.jpg"},"large":{"file":"Large-Visita-educativa-La-vida-en-emergencia.-Juan-Zamora-19092023-1-1024x683.jpg","width":1024,"height":683,"filesize":261617,"mime_type":"image\/jpeg","source_url":"https:\/\/fundaciosorigue.com\/wp-content\/uploads\/2023\/09\/Large-Visita-educativa-La-vida-en-emergencia.-Juan-Zamora-19092023-1-1024x683.jpg"},"thumbnail":{"file":"Large-Visita-educativa-La-vida-en-emergencia.-Juan-Zamora-19092023-1-150x150.jpg","width":150,"height":150,"filesize":16337,"mime_type":"image\/jpeg","source_url":"https:\/\/fundaciosorigue.com\/wp-content\/uploads\/2023\/09\/Large-Visita-educativa-La-vida-en-emergencia.-Juan-Zamora-19092023-1-150x150.jpg"},"medium_large":{"file":"Large-Visita-educativa-La-vida-en-emergencia.-Juan-Zamora-19092023-1-768x512.jpg","width":768,"height":512,"filesize":166986,"mime_type":"image\/jpeg","source_url":"https:\/\/fundaciosorigue.com\/wp-content\/uploads\/2023\/09\/Large-Visita-educativa-La-vida-en-emergencia.-Juan-Zamora-19092023-1-768x512.jpg"},"1536x1536":{"file":"Large-Visita-educativa-La-vida-en-emergencia.-Juan-Zamora-19092023-1-1536x1024.jpg","width":1536,"height":1024,"filesize":484754,"mime_type":"image\/jpeg","source_url":"https:\/\/fundaciosorigue.com\/wp-content\/uploads\/2023\/09\/Large-Visita-educativa-La-vida-en-emergencia.-Juan-Zamora-19092023-1-1536x1024.jpg"},"home-slides":{"file":"Large-Visita-educativa-La-vida-en-emergencia.-Juan-Zamora-19092023-1-1400x214.jpg","width":1400,"height":214,"filesize":126539,"mime_type":"image\/jpeg","source_url":"https:\/\/fundaciosorigue.com\/wp-content\/uploads\/2023\/09\/Large-Visita-educativa-La-vida-en-emergencia.-Juan-Zamora-19092023-1-1400x214.jpg"},"visita_thumbnail":{"file":"Large-Visita-educativa-La-vida-en-emergencia.-Juan-Zamora-19092023-1-427x331.jpg","width":427,"height":331,"filesize":74065,"mime_type":"image\/jpeg","source_url":"https:\/\/fundaciosorigue.com\/wp-content\/uploads\/2023\/09\/Large-Visita-educativa-La-vida-en-emergencia.-Juan-Zamora-19092023-1-427x331.jpg"},"menu_thumbnail":{"file":"Large-Visita-educativa-La-vida-en-emergencia.-Juan-Zamora-19092023-1-381x200.jpg","width":381,"height":200,"filesize":46748,"mime_type":"image\/jpeg","source_url":"https:\/\/fundaciosorigue.com\/wp-content\/uploads\/2023\/09\/Large-Visita-educativa-La-vida-en-emergencia.-Juan-Zamora-19092023-1-381x200.jpg"},"press_release_home":{"file":"Large-Visita-educativa-La-vida-en-emergencia.-Juan-Zamora-19092023-1-954x148.jpg","width":954,"height":148,"filesize":72918,"mime_type":"image\/jpeg","source_url":"https:\/\/fundaciosorigue.com\/wp-content\/uploads\/2023\/09\/Large-Visita-educativa-La-vida-en-emergencia.-Juan-Zamora-19092023-1-954x148.jpg"},"news_home":{"file":"Large-Visita-educativa-La-vida-en-emergencia.-Juan-Zamora-19092023-1-438x148.jpg","width":438,"height":148,"filesize":44519,"mime_type":"image\/jpeg","source_url":"https:\/\/fundaciosorigue.com\/wp-content\/uploads\/2023\/09\/Large-Visita-educativa-La-vida-en-emergencia.-Juan-Zamora-19092023-1-438x148.jpg"},"expo_big_thumbnail":{"file":"Large-Visita-educativa-La-vida-en-emergencia.-Juan-Zamora-19092023-1-647x391.jpg","width":647,"height":391,"filesize":118622,"mime_type":"image\/jpeg","source_url":"https:\/\/fundaciosorigue.com\/wp-content\/uploads\/2023\/09\/Large-Visita-educativa-La-vida-en-emergencia.-Juan-Zamora-19092023-1-647x391.jpg"},"expo_small_thumbnail":{"file":"Large-Visita-educativa-La-vida-en-emergencia.-Juan-Zamora-19092023-1-578x142.jpg","width":578,"height":142,"filesize":51985,"mime_type":"image\/jpeg","source_url":"https:\/\/fundaciosorigue.com\/wp-content\/uploads\/2023\/09\/Large-Visita-educativa-La-vida-en-emergencia.-Juan-Zamora-19092023-1-578x142.jpg"},"full_page":{"file":"Large-Visita-educativa-La-vida-en-emergencia.-Juan-Zamora-19092023-1-1600x1000.jpg","width":1600,"height":1000,"filesize":451946,"mime_type":"image\/jpeg","source_url":"https:\/\/fundaciosorigue.com\/wp-content\/uploads\/2023\/09\/Large-Visita-educativa-La-vida-en-emergencia.-Juan-Zamora-19092023-1-1600x1000.jpg"},"header_image_v1":{"file":"Large-Visita-educativa-La-vida-en-emergencia.-Juan-Zamora-19092023-1-1273x708.jpg","width":1273,"height":708,"filesize":313248,"mime_type":"image\/jpeg","source_url":"https:\/\/fundaciosorigue.com\/wp-content\/uploads\/2023\/09\/Large-Visita-educativa-La-vida-en-emergencia.-Juan-Zamora-19092023-1-1273x708.jpg"},"header_image_v2":{"file":"Large-Visita-educativa-La-vida-en-emergencia.-Juan-Zamora-19092023-1-1321x709.jpg","width":1321,"height":709,"filesize":322503,"mime_type":"image\/jpeg","source_url":"https:\/\/fundaciosorigue.com\/wp-content\/uploads\/2023\/09\/Large-Visita-educativa-La-vida-en-emergencia.-Juan-Zamora-19092023-1-1321x709.jpg"},"header_image":{"file":"Large-Visita-educativa-La-vida-en-emergencia.-Juan-Zamora-19092023-1-1600x800.jpg","width":1600,"height":800,"filesize":392904,"mime_type":"image\/jpeg","source_url":"https:\/\/fundaciosorigue.com\/wp-content\/uploads\/2023\/09\/Large-Visita-educativa-La-vida-en-emergencia.-Juan-Zamora-19092023-1-1600x800.jpg"},"video_thumb":{"file":"Large-Visita-educativa-La-vida-en-emergencia.-Juan-Zamora-19092023-1-326x320.jpg","width":326,"height":320,"filesize":54925,"mime_type":"image\/jpeg","source_url":"https:\/\/fundaciosorigue.com\/wp-content\/uploads\/2023\/09\/Large-Visita-educativa-La-vida-en-emergencia.-Juan-Zamora-19092023-1-326x320.jpg"},"collection_thumbnail":{"file":"Large-Visita-educativa-La-vida-en-emergencia.-Juan-Zamora-19092023-1-250x167.jpg","width":250,"height":167,"filesize":28705,"mime_type":"image\/jpeg","source_url":"https:\/\/fundaciosorigue.com\/wp-content\/uploads\/2023\/09\/Large-Visita-educativa-La-vida-en-emergencia.-Juan-Zamora-19092023-1-250x167.jpg"},"collection_small_thumbnail":{"file":"Large-Visita-educativa-La-vida-en-emergencia.-Juan-Zamora-19092023-1-120x80.jpg","width":120,"height":80,"filesize":8888,"mime_type":"image\/jpeg","source_url":"https:\/\/fundaciosorigue.com\/wp-content\/uploads\/2023\/09\/Large-Visita-educativa-La-vida-en-emergencia.-Juan-Zamora-19092023-1-120x80.jpg"},"submenu_planta_editions":{"file":"Large-Visita-educativa-La-vida-en-emergencia.-Juan-Zamora-19092023-1-457x314.jpg","width":457,"height":314,"filesize":75901,"mime_type":"image\/jpeg","source_url":"https:\/\/fundaciosorigue.com\/wp-content\/uploads\/2023\/09\/Large-Visita-educativa-La-vida-en-emergencia.-Juan-Zamora-19092023-1-457x314.jpg"},"submenu_planta_projects":{"file":"Large-Visita-educativa-La-vida-en-emergencia.-Juan-Zamora-19092023-1-470x223.jpg","width":470,"height":223,"filesize":60695,"mime_type":"image\/jpeg","source_url":"https:\/\/fundaciosorigue.com\/wp-content\/uploads\/2023\/09\/Large-Visita-educativa-La-vida-en-emergencia.-Juan-Zamora-19092023-1-470x223.jpg"},"submenu_site_specific":{"file":"Large-Visita-educativa-La-vida-en-emergencia.-Juan-Zamora-19092023-1-990x223.jpg","width":990,"height":223,"filesize":108523,"mime_type":"image\/jpeg","source_url":"https:\/\/fundaciosorigue.com\/wp-content\/uploads\/2023\/09\/Large-Visita-educativa-La-vida-en-emergencia.-Juan-Zamora-19092023-1-990x223.jpg"},"video_thumbnail_talking":{"file":"Large-Visita-educativa-La-vida-en-emergencia.-Juan-Zamora-19092023-1-259x142.jpg","width":259,"height":142,"filesize":26346,"mime_type":"image\/jpeg","source_url":"https:\/\/fundaciosorigue.com\/wp-content\/uploads\/2023\/09\/Large-Visita-educativa-La-vida-en-emergencia.-Juan-Zamora-19092023-1-259x142.jpg"},"profile_image":{"file":"Large-Visita-educativa-La-vida-en-emergencia.-Juan-Zamora-19092023-1-570x570.jpg","width":570,"height":570,"filesize":134796,"mime_type":"image\/jpeg","source_url":"https:\/\/fundaciosorigue.com\/wp-content\/uploads\/2023\/09\/Large-Visita-educativa-La-vida-en-emergencia.-Juan-Zamora-19092023-1-570x570.jpg"},"press_thumb":{"file":"Large-Visita-educativa-La-vida-en-emergencia.-Juan-Zamora-19092023-1-300x167.jpg","width":300,"height":167,"filesize":33687,"mime_type":"image\/jpeg","source_url":"https:\/\/fundaciosorigue.com\/wp-content\/uploads\/2023\/09\/Large-Visita-educativa-La-vida-en-emergencia.-Juan-Zamora-19092023-1-300x167.jpg"},"gallery_1":{"file":"Large-Visita-educativa-La-vida-en-emergencia.-Juan-Zamora-19092023-1-1107x394.jpg","width":1107,"height":394,"filesize":189081,"mime_type":"image\/jpeg","source_url":"https:\/\/fundaciosorigue.com\/wp-content\/uploads\/2023\/09\/Large-Visita-educativa-La-vida-en-emergencia.-Juan-Zamora-19092023-1-1107x394.jpg"},"gallery_1_vertical":{"file":"Large-Visita-educativa-La-vida-en-emergencia.-Juan-Zamora-19092023-1-1107x738.jpg","width":1107,"height":738,"filesize":297213,"mime_type":"image\/jpeg","source_url":"https:\/\/fundaciosorigue.com\/wp-content\/uploads\/2023\/09\/Large-Visita-educativa-La-vida-en-emergencia.-Juan-Zamora-19092023-1-1107x738.jpg"},"gallery_2":{"file":"Large-Visita-educativa-La-vida-en-emergencia.-Juan-Zamora-19092023-1-524x394.jpg","width":524,"height":394,"filesize":100609,"mime_type":"image\/jpeg","source_url":"https:\/\/fundaciosorigue.com\/wp-content\/uploads\/2023\/09\/Large-Visita-educativa-La-vida-en-emergencia.-Juan-Zamora-19092023-1-524x394.jpg"},"gallery_2_vertical":{"file":"Large-Visita-educativa-La-vida-en-emergencia.-Juan-Zamora-19092023-1-524x349.jpg","width":524,"height":349,"filesize":92012,"mime_type":"image\/jpeg","source_url":"https:\/\/fundaciosorigue.com\/wp-content\/uploads\/2023\/09\/Large-Visita-educativa-La-vida-en-emergencia.-Juan-Zamora-19092023-1-524x349.jpg"},"gallery_2_3":{"file":"Large-Visita-educativa-La-vida-en-emergencia.-Juan-Zamora-19092023-1-721x394.jpg","width":721,"height":394,"filesize":129952,"mime_type":"image\/jpeg","source_url":"https:\/\/fundaciosorigue.com\/wp-content\/uploads\/2023\/09\/Large-Visita-educativa-La-vida-en-emergencia.-Juan-Zamora-19092023-1-721x394.jpg"},"gallery_2_3_vertical":{"file":"Large-Visita-educativa-La-vida-en-emergencia.-Juan-Zamora-19092023-1-524x349.jpg","width":524,"height":349,"filesize":92012,"mime_type":"image\/jpeg","source_url":"https:\/\/fundaciosorigue.com\/wp-content\/uploads\/2023\/09\/Large-Visita-educativa-La-vida-en-emergencia.-Juan-Zamora-19092023-1-524x349.jpg"},"gallery_3":{"file":"Large-Visita-educativa-La-vida-en-emergencia.-Juan-Zamora-19092023-1-327x326.jpg","width":327,"height":326,"filesize":55815,"mime_type":"image\/jpeg","source_url":"https:\/\/fundaciosorigue.com\/wp-content\/uploads\/2023\/09\/Large-Visita-educativa-La-vida-en-emergencia.-Juan-Zamora-19092023-1-327x326.jpg"},"gallery_3_vertical":{"file":"Large-Visita-educativa-La-vida-en-emergencia.-Juan-Zamora-19092023-1-327x218.jpg","width":327,"height":218,"filesize":43754,"mime_type":"image\/jpeg","source_url":"https:\/\/fundaciosorigue.com\/wp-content\/uploads\/2023\/09\/Large-Visita-educativa-La-vida-en-emergencia.-Juan-Zamora-19092023-1-327x218.jpg"},"foundation_slider":{"file":"Large-Visita-educativa-La-vida-en-emergencia.-Juan-Zamora-19092023-1-583x389.jpg","width":583,"height":389,"filesize":109002,"mime_type":"image\/jpeg","source_url":"https:\/\/fundaciosorigue.com\/wp-content\/uploads\/2023\/09\/Large-Visita-educativa-La-vida-en-emergencia.-Juan-Zamora-19092023-1-583x389.jpg"},"collection_big":{"file":"Large-Visita-educativa-La-vida-en-emergencia.-Juan-Zamora-19092023-1-1200x800.jpg","width":1200,"height":800,"filesize":335448,"mime_type":"image\/jpeg","source_url":"https:\/\/fundaciosorigue.com\/wp-content\/uploads\/2023\/09\/Large-Visita-educativa-La-vida-en-emergencia.-Juan-Zamora-19092023-1-1200x800.jpg"},"contact_map":{"file":"Large-Visita-educativa-La-vida-en-emergencia.-Juan-Zamora-19092023-1-1600x543.jpg","width":1600,"height":543,"filesize":304316,"mime_type":"image\/jpeg","source_url":"https:\/\/fundaciosorigue.com\/wp-content\/uploads\/2023\/09\/Large-Visita-educativa-La-vida-en-emergencia.-Juan-Zamora-19092023-1-1600x543.jpg"},"video_player":{"file":"Large-Visita-educativa-La-vida-en-emergencia.-Juan-Zamora-19092023-1-1114x626.jpg","width":1114,"height":626,"filesize":258460,"mime_type":"image\/jpeg","source_url":"https:\/\/fundaciosorigue.com\/wp-content\/uploads\/2023\/09\/Large-Visita-educativa-La-vida-en-emergencia.-Juan-Zamora-19092023-1-1114x626.jpg"},"news_featured":{"file":"Large-Visita-educativa-La-vida-en-emergencia.-Juan-Zamora-19092023-1-700x467.jpg","width":700,"height":467,"filesize":145788,"mime_type":"image\/jpeg","source_url":"https:\/\/fundaciosorigue.com\/wp-content\/uploads\/2023\/09\/Large-Visita-educativa-La-vida-en-emergencia.-Juan-Zamora-19092023-1-700x467.jpg"},"post-thumbnail":{"file":"Large-Visita-educativa-La-vida-en-emergencia.-Juan-Zamora-19092023-1-125x125.jpg","width":125,"height":125,"filesize":12390,"mime_type":"image\/jpeg","source_url":"https:\/\/fundaciosorigue.com\/wp-content\/uploads\/2023\/09\/Large-Visita-educativa-La-vida-en-emergencia.-Juan-Zamora-19092023-1-125x125.jpg"},"full":{"file":"Large-Visita-educativa-La-vida-en-emergencia.-Juan-Zamora-19092023-1.jpg","width":1600,"height":1067,"mime_type":"image\/jpeg","source_url":"https:\/\/fundaciosorigue.com\/wp-content\/uploads\/2023\/09\/Large-Visita-educativa-La-vida-en-emergencia.-Juan-Zamora-19092023-1.jpg"}},"image_meta":{"aperture":"0","credit":"","camera":"","caption":"","created_timestamp":"0","copyright":"","focal_length":"0","iso":"0","shutter_speed":"0","title":"","orientation":"0","keywords":[]}},"post":5277,"source_url":"https:\/\/fundaciosorigue.com\/wp-content\/uploads\/2023\/09\/Large-Visita-educativa-La-vida-en-emergencia.-Juan-Zamora-19092023-1.jpg","_links":{"self":[{"href":"https:\/\/fundaciosorigue.com\/ca\/wp-json\/wp\/v2\/media\/6051\/"}],"collection":[{"href":"https:\/\/fundaciosorigue.com\/ca\/wp-json\/wp\/v2\/media\/"}],"about":[{"href":"https:\/\/fundaciosorigue.com\/ca\/wp-json\/wp\/v2\/types\/attachment\/"}],"author":[{"embeddable":true,"href":"https:\/\/fundaciosorigue.com\/ca\/wp-json\/wp\/v2\/users\/14\/"}],"replies":[{"embeddable":true,"href":"https:\/\/fundaciosorigue.com\/ca\/wp-json\/wp\/v2\/comments\/?post=6051"}],"wp:attached-to":[{"embeddable":true,"post_type":"page","id":5277,"href":"https:\/\/fundaciosorigue.com\/ca\/wp-json\/wp\/v2\/pages\/5277\/"}],"curies":[{"name":"wp","href":"https:\/\/api.w.org\/{rel}","templated":true}]}}